{"id":9584,"date":"2022-12-06T19:37:13","date_gmt":"2022-12-06T19:37:13","guid":{"rendered":"https:\/\/la-pastorella-hotel.com\/?page_id=9584"},"modified":"2023-01-13T10:33:05","modified_gmt":"2023-01-13T10:33:05","slug":"gourmet-und-wandern","status":"publish","type":"page","link":"https:\/\/la-pastorella-hotel.com\/it\/gourmet-und-wandern\/","title":{"rendered":"Gourmet und Wandern"},"content":{"rendered":"<div data-elementor-type=\"wp-page\" data-elementor-id=\"9584\" class=\"elementor elementor-9584\" data-elementor-post-type=\"page\">\n\t\t\t\t\t\t<section class=\"elementor-section elementor-top-section elementor-element elementor-element-08ef0b0 elementor-section-boxed elementor-section-height-default elementor-section-height-default\" data-id=\"08ef0b0\" data-element_type=\"section\">\n\t\t\t\t\t\t<div class=\"elementor-container elementor-column-gap-default\">\n\t\t\t\t\t<div class=\"elementor-column elementor-col-100 elementor-top-column elementor-element elementor-element-a5e87c0\" data-id=\"a5e87c0\" data-element_type=\"column\">\n\t\t\t<div class=\"elementor-widget-wrap elementor-element-populated\">\n\t\t\t\t\t\t<div class=\"elementor-element elementor-element-443dd55 elementor-widget elementor-widget-theme-site-logo elementor-widget-image\" data-id=\"443dd55\" data-element_type=\"widget\" data-widget_type=\"theme-site-logo.default\">\n\t\t\t\t<div class=\"elementor-widget-container\">\n\t\t\t\t\t\t\t\t\t<a href=\"https:\/\/la-pastorella-hotel.com\/it\">\n\t\t\t<img fetchpriority=\"high\" decoding=\"async\" width=\"250\" height=\"202\" src=\"https:\/\/la-pastorella-hotel.com\/wp-content\/uploads\/2022\/04\/cropped-cropped-Lapastorella_Logo.png\" class=\"attachment-full size-full wp-image-317\" alt=\"\" \/>\t\t\t\t<\/a>\n\t\t\t\t\t\t\t\t\t<\/div>\n\t\t\t\t<\/div>\n\t\t\t\t<div class=\"elementor-element elementor-element-e7a765f elementor-nav-menu__text-align-center elementor-nav-menu__align-center elementor-nav-menu--dropdown-tablet elementor-nav-menu--toggle elementor-nav-menu--burger elementor-widget elementor-widget-nav-menu\" data-id=\"e7a765f\" data-element_type=\"widget\" data-settings=\"{&quot;layout&quot;:&quot;horizontal&quot;,&quot;submenu_icon&quot;:{&quot;value&quot;:&quot;&lt;i class=\\&quot;fas fa-caret-down\\&quot;&gt;&lt;\\\/i&gt;&quot;,&quot;library&quot;:&quot;fa-solid&quot;},&quot;toggle&quot;:&quot;burger&quot;}\" data-widget_type=\"nav-menu.default\">\n\t\t\t\t<div class=\"elementor-widget-container\">\n\t\t\t\t\t\t<nav aria-label=\"Menu\" class=\"elementor-nav-menu--main elementor-nav-menu__container elementor-nav-menu--layout-horizontal e--pointer-underline e--animation-grow\">\n\t\t\t\t<ul id=\"menu-1-e7a765f\" class=\"elementor-nav-menu\"><li class=\"menu-item menu-item-type-post_type menu-item-object-page menu-item-1274\"><a href=\"https:\/\/la-pastorella-hotel.com\/it\/home-test\/\" class=\"elementor-item\">L'albergo<\/a><\/li>\n<li class=\"menu-item menu-item-type-custom menu-item-object-custom menu-item-1276\"><a href=\"http:\/\/la-pastorella-hotel.com\/it\/#zimmer\" class=\"elementor-item elementor-item-anchor\">Camera<\/a><\/li>\n<li class=\"menu-item menu-item-type-custom menu-item-object-custom menu-item-1278\"><a href=\"http:\/\/la-pastorella-hotel.com\/it\/#galerie\" class=\"elementor-item elementor-item-anchor\">galleria<\/a><\/li>\n<li class=\"menu-item menu-item-type-custom menu-item-object-custom menu-item-6729\"><a href=\"#bewertungen\" class=\"elementor-item elementor-item-anchor\">Recensioni<\/a><\/li>\n<li class=\"menu-item menu-item-type-custom menu-item-object-custom menu-item-1279\"><a href=\"http:\/\/la-pastorella-hotel.com\/it\/#buchen\" class=\"elementor-item elementor-item-anchor\">Prenota<\/a><\/li>\n<li class=\"menu-item menu-item-type-custom menu-item-object-custom menu-item-has-children menu-item-9798\"><a href=\"http:\/\/la-pastorella-hotel.com\/it\/#events\" class=\"elementor-item elementor-item-anchor\">Events<\/a>\n<ul class=\"sub-menu elementor-nav-menu--dropdown\">\n\t<li class=\"menu-item menu-item-type-post_type menu-item-object-page menu-item-9797\"><a href=\"https:\/\/la-pastorella-hotel.com\/it\/gourmet-und-wandern\/\" class=\"elementor-sub-item\">Gourmet &#038; Wandern<\/a><\/li>\n\t<li class=\"menu-item menu-item-type-post_type menu-item-object-page menu-item-10445\"><a href=\"https:\/\/la-pastorella-hotel.com\/it\/gourmet-und-koerpersinn\/\" class=\"elementor-sub-item\">Gourmet &#038; K\u00f6rpersinn<\/a><\/li>\n<\/ul>\n<\/li>\n<li class=\"menu-item menu-item-type-custom menu-item-object-custom menu-item-1280\"><a href=\"http:\/\/la-pastorella-hotel.com\/it\/#facts\" class=\"elementor-item elementor-item-anchor\">fatti<\/a><\/li>\n<li class=\"menu-item menu-item-type-custom menu-item-object-custom menu-item-1281\"><a href=\"http:\/\/la-pastorella-hotel.com\/it\/#kontakt\" class=\"elementor-item elementor-item-anchor\">Contatto<\/a><\/li>\n<li class=\"menu-item menu-item-type-post_type menu-item-object-page menu-item-13525\"><a href=\"https:\/\/la-pastorella-hotel.com\/it\/cookie-policy-eu\/\" class=\"elementor-item\">Cookie Policy (EU)<\/a><\/li>\n<\/ul>\t\t\t<\/nav>\n\t\t\t\t\t<div class=\"elementor-menu-toggle\" role=\"button\" tabindex=\"0\" aria-label=\"Menu di commutazione\" aria-expanded=\"false\">\n\t\t\t<i aria-hidden=\"true\" role=\"presentation\" class=\"elementor-menu-toggle__icon--open eicon-menu-bar\"><\/i><i aria-hidden=\"true\" role=\"presentation\" class=\"elementor-menu-toggle__icon--close eicon-close\"><\/i>\t\t\t<span class=\"elementor-screen-only\">Menu<\/span>\n\t\t<\/div>\n\t\t\t\t\t<nav class=\"elementor-nav-menu--dropdown elementor-nav-menu__container\" aria-hidden=\"true\">\n\t\t\t\t<ul id=\"menu-2-e7a765f\" class=\"elementor-nav-menu\"><li class=\"menu-item menu-item-type-post_type menu-item-object-page menu-item-1274\"><a href=\"https:\/\/la-pastorella-hotel.com\/it\/home-test\/\" class=\"elementor-item\" tabindex=\"-1\">L'albergo<\/a><\/li>\n<li class=\"menu-item menu-item-type-custom menu-item-object-custom menu-item-1276\"><a href=\"http:\/\/la-pastorella-hotel.com\/it\/#zimmer\" class=\"elementor-item elementor-item-anchor\" tabindex=\"-1\">Camera<\/a><\/li>\n<li class=\"menu-item menu-item-type-custom menu-item-object-custom menu-item-1278\"><a href=\"http:\/\/la-pastorella-hotel.com\/it\/#galerie\" class=\"elementor-item elementor-item-anchor\" tabindex=\"-1\">galleria<\/a><\/li>\n<li class=\"menu-item menu-item-type-custom menu-item-object-custom menu-item-6729\"><a href=\"#bewertungen\" class=\"elementor-item elementor-item-anchor\" tabindex=\"-1\">Recensioni<\/a><\/li>\n<li class=\"menu-item menu-item-type-custom menu-item-object-custom menu-item-1279\"><a href=\"http:\/\/la-pastorella-hotel.com\/it\/#buchen\" class=\"elementor-item elementor-item-anchor\" tabindex=\"-1\">Prenota<\/a><\/li>\n<li class=\"menu-item menu-item-type-custom menu-item-object-custom menu-item-has-children menu-item-9798\"><a href=\"http:\/\/la-pastorella-hotel.com\/it\/#events\" class=\"elementor-item elementor-item-anchor\" tabindex=\"-1\">Events<\/a>\n<ul class=\"sub-menu elementor-nav-menu--dropdown\">\n\t<li class=\"menu-item menu-item-type-post_type menu-item-object-page menu-item-9797\"><a href=\"https:\/\/la-pastorella-hotel.com\/it\/gourmet-und-wandern\/\" class=\"elementor-sub-item\" tabindex=\"-1\">Gourmet &#038; Wandern<\/a><\/li>\n\t<li class=\"menu-item menu-item-type-post_type menu-item-object-page menu-item-10445\"><a href=\"https:\/\/la-pastorella-hotel.com\/it\/gourmet-und-koerpersinn\/\" class=\"elementor-sub-item\" tabindex=\"-1\">Gourmet &#038; K\u00f6rpersinn<\/a><\/li>\n<\/ul>\n<\/li>\n<li class=\"menu-item menu-item-type-custom menu-item-object-custom menu-item-1280\"><a href=\"http:\/\/la-pastorella-hotel.com\/it\/#facts\" class=\"elementor-item elementor-item-anchor\" tabindex=\"-1\">fatti<\/a><\/li>\n<li class=\"menu-item menu-item-type-custom menu-item-object-custom menu-item-1281\"><a href=\"http:\/\/la-pastorella-hotel.com\/it\/#kontakt\" class=\"elementor-item elementor-item-anchor\" tabindex=\"-1\">Contatto<\/a><\/li>\n<li class=\"menu-item menu-item-type-post_type menu-item-object-page menu-item-13525\"><a href=\"https:\/\/la-pastorella-hotel.com\/it\/cookie-policy-eu\/\" class=\"elementor-item\" tabindex=\"-1\">Cookie Policy (EU)<\/a><\/li>\n<\/ul>\t\t\t<\/nav>\n\t\t\t\t<\/div>\n\t\t\t\t<\/div>\n\t\t\t\t\t<\/div>\n\t\t<\/div>\n\t\t\t\t\t<\/div>\n\t\t<\/section>\n\t\t\t\t<section class=\"elementor-section elementor-top-section elementor-element elementor-element-a105ee7 elementor-section-boxed elementor-section-height-default elementor-section-height-default\" data-id=\"a105ee7\" data-element_type=\"section\">\n\t\t\t\t\t\t<div class=\"elementor-container elementor-column-gap-default\">\n\t\t\t\t\t<div class=\"elementor-column elementor-col-100 elementor-top-column elementor-element elementor-element-6723d1c\" data-id=\"6723d1c\" data-element_type=\"column\">\n\t\t\t<div class=\"elementor-widget-wrap elementor-element-populated\">\n\t\t\t\t\t\t<div class=\"elementor-element elementor-element-aa0db0d elementor-widget elementor-widget-heading\" data-id=\"aa0db0d\" data-element_type=\"widget\" data-widget_type=\"heading.default\">\n\t\t\t\t<div class=\"elementor-widget-container\">\n\t\t\t<h1 class=\"elementor-heading-title elementor-size-default\">Gourmet und Wandern<\/h1>\t\t<\/div>\n\t\t\t\t<\/div>\n\t\t\t\t\t<\/div>\n\t\t<\/div>\n\t\t\t\t\t<\/div>\n\t\t<\/section>\n\t\t\t\t<section class=\"elementor-section elementor-top-section elementor-element elementor-element-d33d8ac elementor-section-full_width elementor-section-height-default elementor-section-height-default\" data-id=\"d33d8ac\" data-element_type=\"section\">\n\t\t\t\t\t\t<div class=\"elementor-container elementor-column-gap-default\">\n\t\t\t\t\t<div class=\"elementor-column elementor-col-100 elementor-top-column elementor-element elementor-element-abc5684\" data-id=\"abc5684\" data-element_type=\"column\">\n\t\t\t<div class=\"elementor-widget-wrap elementor-element-populated\">\n\t\t\t\t\t\t<div class=\"elementor-element elementor-element-3813a2c elementor--h-position-center elementor--v-position-middle elementor-arrows-position-inside elementor-pagination-position-inside elementor-widget elementor-widget-slides\" data-id=\"3813a2c\" data-element_type=\"widget\" data-settings=\"{&quot;navigation&quot;:&quot;both&quot;,&quot;autoplay&quot;:&quot;yes&quot;,&quot;pause_on_hover&quot;:&quot;yes&quot;,&quot;pause_on_interaction&quot;:&quot;yes&quot;,&quot;autoplay_speed&quot;:5000,&quot;infinite&quot;:&quot;yes&quot;,&quot;transition&quot;:&quot;slide&quot;,&quot;transition_speed&quot;:500}\" data-widget_type=\"slides.default\">\n\t\t\t\t<div class=\"elementor-widget-container\">\n\t\t\t\t\t<div class=\"elementor-swiper\">\n\t\t\t<div class=\"elementor-slides-wrapper elementor-main-swiper swiper\" dir=\"ltr\" data-animation=\"fadeInUp\">\n\t\t\t\t<div class=\"swiper-wrapper elementor-slides\">\n\t\t\t\t\t\t\t\t\t\t<div class=\"elementor-repeater-item-af9720a swiper-slide\"><div class=\"swiper-slide-bg\" role=\"img\"><\/div><div class=\"swiper-slide-inner\" ><div class=\"swiper-slide-contents\"><\/div><\/div><\/div><div class=\"elementor-repeater-item-c0fcde8 swiper-slide\"><div class=\"swiper-slide-bg\" role=\"img\"><\/div><div class=\"swiper-slide-inner\" ><div class=\"swiper-slide-contents\"><\/div><\/div><\/div><div class=\"elementor-repeater-item-f8f49dc swiper-slide\"><div class=\"swiper-slide-bg\" role=\"img\"><\/div><div class=\"swiper-slide-inner\" ><div class=\"swiper-slide-contents\"><\/div><\/div><\/div><div class=\"elementor-repeater-item-f8f0f8e swiper-slide\"><div class=\"swiper-slide-bg\" role=\"img\"><\/div><div class=\"swiper-slide-inner\" ><div class=\"swiper-slide-contents\"><\/div><\/div><\/div><div class=\"elementor-repeater-item-f9dc82a swiper-slide\"><div class=\"swiper-slide-bg\" role=\"img\"><\/div><div class=\"swiper-slide-inner\" ><div class=\"swiper-slide-contents\"><\/div><\/div><\/div><div class=\"elementor-repeater-item-5b771f6 swiper-slide\"><div class=\"swiper-slide-bg\" role=\"img\"><\/div><div class=\"swiper-slide-inner\" ><div class=\"swiper-slide-contents\"><\/div><\/div><\/div>\t\t\t\t<\/div>\n\t\t\t\t\t\t\t\t\t\t\t\t\t\t\t<div class=\"swiper-pagination\"><\/div>\n\t\t\t\t\t\t\t\t\t\t\t\t\t\t\t\t<div class=\"elementor-swiper-button elementor-swiper-button-prev\" role=\"button\" tabindex=\"0\">\n\t\t\t\t\t\t\t<i aria-hidden=\"true\" class=\"eicon-chevron-left\"><\/i>\t\t\t\t\t\t\t<span class=\"elementor-screen-only\">Previous slide<\/span>\n\t\t\t\t\t\t<\/div>\n\t\t\t\t\t\t<div class=\"elementor-swiper-button elementor-swiper-button-next\" role=\"button\" tabindex=\"0\">\n\t\t\t\t\t\t\t<i aria-hidden=\"true\" class=\"eicon-chevron-right\"><\/i>\t\t\t\t\t\t\t<span class=\"elementor-screen-only\">Next slide<\/span>\n\t\t\t\t\t\t<\/div>\n\t\t\t\t\t\t\t\t\t\t\t\t<\/div>\n\t\t<\/div>\n\t\t\t\t<\/div>\n\t\t\t\t<\/div>\n\t\t\t\t\t<\/div>\n\t\t<\/div>\n\t\t\t\t\t<\/div>\n\t\t<\/section>\n\t\t\t\t<section class=\"elementor-section elementor-top-section elementor-element elementor-element-329a369 elementor-section-boxed elementor-section-height-default elementor-section-height-default\" data-id=\"329a369\" data-element_type=\"section\" data-settings=\"{&quot;background_background&quot;:&quot;classic&quot;}\">\n\t\t\t\t\t\t<div class=\"elementor-container elementor-column-gap-default\">\n\t\t\t\t\t<div class=\"elementor-column elementor-col-100 elementor-top-column elementor-element elementor-element-f757a5b\" data-id=\"f757a5b\" data-element_type=\"column\">\n\t\t\t<div class=\"elementor-widget-wrap elementor-element-populated\">\n\t\t\t\t\t\t<div class=\"elementor-element elementor-element-6ba0643 elementor-widget elementor-widget-heading\" data-id=\"6ba0643\" data-element_type=\"widget\" data-widget_type=\"heading.default\">\n\t\t\t\t<div class=\"elementor-widget-container\">\n\t\t\t<h1 class=\"elementor-heading-title elementor-size-default\">Liebe Gourmet- und Wanderfreunde<\/h1>\t\t<\/div>\n\t\t\t\t<\/div>\n\t\t\t\t<div class=\"elementor-element elementor-element-caf08c1 elementor-widget elementor-widget-text-editor\" data-id=\"caf08c1\" data-element_type=\"widget\" data-widget_type=\"text-editor.default\">\n\t\t\t\t<div class=\"elementor-widget-container\">\n\t\t\t\t\t\t\t<p class=\"p1\">Unser Hotel La Pastorella liegt am Rande des Pollino-Nationalpark ( ital. Parco Nazionale del Pollino ), direkt am Tyrrhenischen Meer. Der Pollino-Nationalpark ist der gr\u00f6\u00dfte Nationalparks Italiens und bedeckt eine Fl\u00e4che von 192.565 Hektar. Gleichzeitig z\u00e4hlt er zu den gr\u00f6\u00dften Naturschutzgebieten Europas. Im Jahr 2015 erhielt die Region des Nationalparks die Auszeichnung UNESCO Global Geopark.<\/p><p class=\"p1\">Das Gebiet verf\u00fcgt \u00fcber ausgedehnte Buchenw\u00e4lder, Wei\u00dftannen und seltene Panzerf\u00f6hren. In gesch\u00fctzten<span class=\"Apple-converted-space\">\u00a0 <\/span>Felsw\u00e4nden des Parks konnten K\u00f6nigsadler \u00fcberleben, genauso ist hier der Uhu und der Geier heimisch.<br \/>Die zahlreichen Wasserl\u00e4ufe des Pollino bieten ideale Lebensbedingungen f\u00fcr Bergforellen, Fischotter und Brillensalamander.<\/p><p class=\"p1\">Eine unber\u00fchrte Natur- und Tierwelt, die wir heute nur selten finden.<\/p><p class=\"p1\">Doch was macht die Gegend sonst noch aus\u2026 das kristallklare Tyrrhenische Meer mit seinen wundersch\u00f6nen Str\u00e4nden und nat\u00fcrlich die kalabresische K\u00fcche.<br \/>Selbstverst\u00e4ndlich ist das Essen \u201eBIO\u201c, nichts anderes kommt bei einer Familie aus dieser Region auf den Tisch. Die Mahlzeiten haben hier einen sehr gro\u00dfen Stellenwert und zu gerne unterhalten sich die S\u00fcditaliener \u00fcber ihre Speisen, die sie zubereitet haben, Obst und Gem\u00fcse das geerntet wurde und tauschen die Rezepte der Nonna aus.<br \/>Doch nie w\u00fcrden sie den Platz verraten, an dem sie das letzte Mal Steinpilze gefunden haben.<\/p><p class=\"p1\">Auf dem Grundst\u00fccks des Pastorellas bauen wir unser Obst und Gem\u00fcse selbst an, backen unser Brot und kochen Marmelade, f\u00fcr unsere G\u00e4ste zum Fr\u00fchst\u00fcck.<\/p><p class=\"p1\">Ob es Schinken, Salami, K\u00e4se oder Fisch ist, wir kennen unsere Lieferanten pers\u00f6nlich und wir alle verfolgen das gleiche Ziel, nur biologisch einwandfreie Lebensmittel zu verarbeiten.<\/p><p class=\"p1\">Aus diesen Gr\u00fcnden entstand die Idee zu \u201e Gourmet und Wandern\u201c und als wir dann den erfahrenden Wanderf\u00fchrer Wolfgang Murmann trafen und<span class=\"Apple-converted-space\">\u00a0 <\/span>er von der Idee genauso begeistert war, wie wir, konzipierten wir gemeinsam das anh\u00e4ngende Programm.<\/p><p class=\"p1\">Wir w\u00fcrden uns freuen, wenn Sie unsere Gourmet- und Wanderreise anspricht und Sie bei uns zu Gast sind.<\/p>\t\t\t\t\t\t<\/div>\n\t\t\t\t<\/div>\n\t\t\t\t<div class=\"elementor-element elementor-element-196128b elementor-widget elementor-widget-text-editor\" data-id=\"196128b\" data-element_type=\"widget\" data-widget_type=\"text-editor.default\">\n\t\t\t\t<div class=\"elementor-widget-container\">\n\t\t\t\t\t\t\t<p>Herzliche Gr\u00fc\u00dfe<\/p>\t\t\t\t\t\t<\/div>\n\t\t\t\t<\/div>\n\t\t\t\t<div class=\"elementor-element elementor-element-e0aca14 elementor-widget elementor-widget-text-editor\" data-id=\"e0aca14\" data-element_type=\"widget\" data-widget_type=\"text-editor.default\">\n\t\t\t\t<div class=\"elementor-widget-container\">\n\t\t\t\t\t\t\t<p>Simona Ceccarelli + Claudia Kuse<\/p>\t\t\t\t\t\t<\/div>\n\t\t\t\t<\/div>\n\t\t\t\t\t<\/div>\n\t\t<\/div>\n\t\t\t\t\t<\/div>\n\t\t<\/section>\n\t\t\t\t<section class=\"elementor-section elementor-top-section elementor-element elementor-element-6f345fe elementor-section-boxed elementor-section-height-default elementor-section-height-default\" data-id=\"6f345fe\" data-element_type=\"section\">\n\t\t\t\t\t\t<div class=\"elementor-container elementor-column-gap-default\">\n\t\t\t\t\t<div class=\"elementor-column elementor-col-100 elementor-top-column elementor-element elementor-element-efc6a45\" data-id=\"efc6a45\" data-element_type=\"column\">\n\t\t\t<div class=\"elementor-widget-wrap elementor-element-populated\">\n\t\t\t\t\t\t<div class=\"elementor-element elementor-element-c164451 elementor-invisible elementor-widget elementor-widget-heading\" data-id=\"c164451\" data-element_type=\"widget\" data-settings=\"{&quot;_animation&quot;:&quot;fadeInUp&quot;}\" data-widget_type=\"heading.default\">\n\t\t\t\t<div class=\"elementor-widget-container\">\n\t\t\t<h3 class=\"elementor-heading-title elementor-size-default\">Unser Arrangement \u2013 Unsere Leistungen<\/h3>\t\t<\/div>\n\t\t\t\t<\/div>\n\t\t\t\t<div class=\"elementor-element elementor-element-90f896f elementor-widget elementor-widget-heading\" data-id=\"90f896f\" data-element_type=\"widget\" data-widget_type=\"heading.default\">\n\t\t\t\t<div class=\"elementor-widget-container\">\n\t\t\t<h1 class=\"elementor-heading-title elementor-size-default\">Gourmet und Wandern<\/h1>\t\t<\/div>\n\t\t\t\t<\/div>\n\t\t\t\t<div class=\"elementor-element elementor-element-b55f86f elementor-widget elementor-widget-text-editor\" data-id=\"b55f86f\" data-element_type=\"widget\" data-widget_type=\"text-editor.default\">\n\t\t\t\t<div class=\"elementor-widget-container\">\n\t\t\t\t\t\t\t<p><span style=\"background-color: var( --e-global-color-3555384 ); color: var( --e-global-color-primary );\">\u2013 Vom 13.05.2023 bis zum 20.05.2023 \u2013<\/span><\/p>\t\t\t\t\t\t<\/div>\n\t\t\t\t<\/div>\n\t\t\t\t<div class=\"elementor-element elementor-element-e16131f elementor-widget elementor-widget-text-editor\" data-id=\"e16131f\" data-element_type=\"widget\" data-widget_type=\"text-editor.default\">\n\t\t\t\t<div class=\"elementor-widget-container\">\n\t\t\t\t\t\t\t<ul class=\"ul1\"><li class=\"li1\">Sieben \u00dcbernachtungen in einem Deluxe Doppelzimmer<\/li><li class=\"li1\">Unser reichhaltiges Fr\u00fchst\u00fcck, f\u00fcr einen guten Start in den Tag<\/li><li class=\"li1\">Sechs Gourmet- Abendmen\u00fcs, zubereitet von unterschiedlichen K\u00f6chen:innen der Region<\/li><li class=\"li1\">F\u00fcnf abwechslungsreiche, gef\u00fchrte Wanderungen<span class=\"Apple-converted-space\">\u00a0 <\/span>zwischen Bergen und Meer<span class=\"Apple-converted-space\">\u00a0<\/span><\/li><li class=\"li1\">Ein Kaffeenachmittag in einer typischen italienischen Konditorei,(ein absoluter Geheimtipp!) hier trifft man sonst nur Einheimische<\/li><li class=\"li1\">Besuch des Cedro-Museums<span class=\"Apple-converted-space\">\u00a0<\/span><\/li><li class=\"li1\">Verkostung lokaler Spezialit\u00e4ten<\/li><li class=\"li1\">Pers\u00f6nlicher Bademantel f\u00fcr Ihren Aufenthalt<\/li><li class=\"li1\">Eine klassische K\u00f6rpermassage<span class=\"Apple-converted-space\">\u00a0<\/span><\/li><li class=\"li1\">Shuttle zum Hotel vom Bahnhof Diamante oder Scalea<\/li><\/ul>\t\t\t\t\t\t<\/div>\n\t\t\t\t<\/div>\n\t\t\t\t<div class=\"elementor-element elementor-element-429515b elementor-widget elementor-widget-text-editor\" data-id=\"429515b\" data-element_type=\"widget\" data-widget_type=\"text-editor.default\">\n\t\t\t\t<div class=\"elementor-widget-container\">\n\t\t\t\t\t\t\t<p class=\"p1\">F\u00fcr diesen Service stellen wir Ihnen pro Person im Doppelzimmer \u20ac 1259,00 in Rechnung.<\/p>\t\t\t\t\t\t<\/div>\n\t\t\t\t<\/div>\n\t\t\t\t<div class=\"elementor-element elementor-element-336df3f elementor-widget elementor-widget-text-editor\" data-id=\"336df3f\" data-element_type=\"widget\" data-widget_type=\"text-editor.default\">\n\t\t\t\t<div class=\"elementor-widget-container\">\n\t\t\t\t\t\t\t<p class=\"p2\">M\u00f6chten Sie an Ihrem freien Tag vielleicht einen Segelausflug machen oder eine Rafting-Tour unternehmen?<\/p><p class=\"p2\">Sprechen Sie uns gerne an, wir werden zusammen f\u00fcr Sie das Richtige finden.<\/p>\t\t\t\t\t\t<\/div>\n\t\t\t\t<\/div>\n\t\t\t\t\t<\/div>\n\t\t<\/div>\n\t\t\t\t\t<\/div>\n\t\t<\/section>\n\t\t\t\t<section class=\"elementor-section elementor-top-section elementor-element elementor-element-9286c4a elementor-section-boxed elementor-section-height-default elementor-section-height-default\" data-id=\"9286c4a\" data-element_type=\"section\" data-settings=\"{&quot;background_background&quot;:&quot;classic&quot;}\">\n\t\t\t\t\t\t<div class=\"elementor-container elementor-column-gap-default\">\n\t\t\t\t\t<div class=\"elementor-column elementor-col-100 elementor-top-column elementor-element elementor-element-df273c6\" data-id=\"df273c6\" data-element_type=\"column\">\n\t\t\t<div class=\"elementor-widget-wrap elementor-element-populated\">\n\t\t\t\t\t\t<div class=\"elementor-element elementor-element-a5cf927 elementor-widget elementor-widget-heading\" data-id=\"a5cf927\" data-element_type=\"widget\" data-widget_type=\"heading.default\">\n\t\t\t\t<div class=\"elementor-widget-container\">\n\t\t\t<h1 class=\"elementor-heading-title elementor-size-default\">So wohnen Sie<\/h1>\t\t<\/div>\n\t\t\t\t<\/div>\n\t\t\t\t<div class=\"elementor-element elementor-element-c593e26 elementor-widget elementor-widget-gallery\" data-id=\"c593e26\" data-element_type=\"widget\" data-settings=\"{&quot;gallery_layout&quot;:&quot;masonry&quot;,&quot;columns_mobile&quot;:2,&quot;lazyload&quot;:&quot;yes&quot;,&quot;columns&quot;:4,&quot;columns_tablet&quot;:2,&quot;gap&quot;:{&quot;unit&quot;:&quot;px&quot;,&quot;size&quot;:10,&quot;sizes&quot;:[]},&quot;gap_tablet&quot;:{&quot;unit&quot;:&quot;px&quot;,&quot;size&quot;:10,&quot;sizes&quot;:[]},&quot;gap_mobile&quot;:{&quot;unit&quot;:&quot;px&quot;,&quot;size&quot;:10,&quot;sizes&quot;:[]},&quot;link_to&quot;:&quot;file&quot;,&quot;overlay_background&quot;:&quot;yes&quot;,&quot;content_hover_animation&quot;:&quot;fade-in&quot;}\" data-widget_type=\"gallery.default\">\n\t\t\t\t<div class=\"elementor-widget-container\">\n\t\t\t\t\t<div class=\"elementor-gallery__container\">\n\t\t\t\t\t\t\t<a class=\"e-gallery-item elementor-gallery-item elementor-animated-content\" href=\"https:\/\/la-pastorella-hotel.com\/wp-content\/uploads\/2022\/10\/Ischia_13.jpg\" data-elementor-open-lightbox=\"yes\" data-elementor-lightbox-slideshow=\"c593e26\" data-elementor-lightbox-title=\"Ischia_13\" data-e-action-hash=\"#elementor-action%3Aaction%3Dlightbox%26settings%3DeyJpZCI6Nzk2MiwidXJsIjoiaHR0cHM6XC9cL2xhLXBhc3RvcmVsbGEtaG90ZWwuY29tXC93cC1jb250ZW50XC91cGxvYWRzXC8yMDIyXC8xMFwvSXNjaGlhXzEzLmpwZyIsInNsaWRlc2hvdyI6ImM1OTNlMjYifQ%3D%3D\">\n\t\t\t\t\t<div class=\"e-gallery-image elementor-gallery-item__image\" data-thumbnail=\"https:\/\/la-pastorella-hotel.com\/wp-content\/uploads\/2022\/10\/Ischia_13-150x150.jpg\" data-width=\"150\" data-height=\"150\" aria-label=\"\" role=\"img\" ><\/div>\n\t\t\t\t\t\t\t\t\t\t\t<div class=\"elementor-gallery-item__overlay\"><\/div>\n\t\t\t\t\t\t\t\t\t\t\t\t\t\t<\/a>\n\t\t\t\t\t\t\t<a class=\"e-gallery-item elementor-gallery-item elementor-animated-content\" href=\"https:\/\/la-pastorella-hotel.com\/wp-content\/uploads\/2022\/10\/Elba_6.jpg\" data-elementor-open-lightbox=\"yes\" data-elementor-lightbox-slideshow=\"c593e26\" data-elementor-lightbox-title=\"Elba_6\" data-e-action-hash=\"#elementor-action%3Aaction%3Dlightbox%26settings%3DeyJpZCI6Nzk1OSwidXJsIjoiaHR0cHM6XC9cL2xhLXBhc3RvcmVsbGEtaG90ZWwuY29tXC93cC1jb250ZW50XC91cGxvYWRzXC8yMDIyXC8xMFwvRWxiYV82LmpwZyIsInNsaWRlc2hvdyI6ImM1OTNlMjYifQ%3D%3D\">\n\t\t\t\t\t<div class=\"e-gallery-image elementor-gallery-item__image\" data-thumbnail=\"https:\/\/la-pastorella-hotel.com\/wp-content\/uploads\/2022\/10\/Elba_6-150x150.jpg\" data-width=\"150\" data-height=\"150\" aria-label=\"\" role=\"img\" ><\/div>\n\t\t\t\t\t\t\t\t\t\t\t<div class=\"elementor-gallery-item__overlay\"><\/div>\n\t\t\t\t\t\t\t\t\t\t\t\t\t\t<\/a>\n\t\t\t\t\t\t\t<a class=\"e-gallery-item elementor-gallery-item elementor-animated-content\" href=\"https:\/\/la-pastorella-hotel.com\/wp-content\/uploads\/2022\/10\/3F3A6504-scaled.jpg\" data-elementor-open-lightbox=\"yes\" data-elementor-lightbox-slideshow=\"c593e26\" data-elementor-lightbox-title=\"Lounge\" data-e-action-hash=\"#elementor-action%3Aaction%3Dlightbox%26settings%3DeyJpZCI6Nzk4NiwidXJsIjoiaHR0cHM6XC9cL2xhLXBhc3RvcmVsbGEtaG90ZWwuY29tXC93cC1jb250ZW50XC91cGxvYWRzXC8yMDIyXC8xMFwvM0YzQTY1MDQtc2NhbGVkLmpwZyIsInNsaWRlc2hvdyI6ImM1OTNlMjYifQ%3D%3D\">\n\t\t\t\t\t<div class=\"e-gallery-image elementor-gallery-item__image\" data-thumbnail=\"https:\/\/la-pastorella-hotel.com\/wp-content\/uploads\/2022\/10\/3F3A6504-150x150.jpg\" data-width=\"150\" data-height=\"150\" aria-label=\"\" role=\"img\" ><\/div>\n\t\t\t\t\t\t\t\t\t\t\t<div class=\"elementor-gallery-item__overlay\"><\/div>\n\t\t\t\t\t\t\t\t\t\t\t\t\t\t<\/a>\n\t\t\t\t\t\t\t<a class=\"e-gallery-item elementor-gallery-item elementor-animated-content\" href=\"https:\/\/la-pastorella-hotel.com\/wp-content\/uploads\/2022\/06\/PHOTO-2022-06-02-20-06-26-1.jpg\" data-elementor-open-lightbox=\"yes\" data-elementor-lightbox-slideshow=\"c593e26\" data-elementor-lightbox-title=\"Zimmer Stromboli\" data-e-action-hash=\"#elementor-action%3Aaction%3Dlightbox%26settings%3DeyJpZCI6NTg1NywidXJsIjoiaHR0cHM6XC9cL2xhLXBhc3RvcmVsbGEtaG90ZWwuY29tXC93cC1jb250ZW50XC91cGxvYWRzXC8yMDIyXC8wNlwvUEhPVE8tMjAyMi0wNi0wMi0yMC0wNi0yNi0xLmpwZyIsInNsaWRlc2hvdyI6ImM1OTNlMjYifQ%3D%3D\">\n\t\t\t\t\t<div class=\"e-gallery-image elementor-gallery-item__image\" data-thumbnail=\"https:\/\/la-pastorella-hotel.com\/wp-content\/uploads\/2022\/06\/PHOTO-2022-06-02-20-06-26-1-150x150.jpg\" data-width=\"150\" data-height=\"150\" aria-label=\"\" role=\"img\" ><\/div>\n\t\t\t\t\t\t\t\t\t\t\t<div class=\"elementor-gallery-item__overlay\"><\/div>\n\t\t\t\t\t\t\t\t\t\t\t\t\t\t<\/a>\n\t\t\t\t\t\t\t<a class=\"e-gallery-item elementor-gallery-item elementor-animated-content\" href=\"https:\/\/la-pastorella-hotel.com\/wp-content\/uploads\/2022\/06\/PHOTO-2022-06-02-19-35-48-1.jpg\" data-elementor-open-lightbox=\"yes\" data-elementor-lightbox-slideshow=\"c593e26\" data-elementor-lightbox-title=\"Lounge\" data-e-action-hash=\"#elementor-action%3Aaction%3Dlightbox%26settings%3DeyJpZCI6NTkwNiwidXJsIjoiaHR0cHM6XC9cL2xhLXBhc3RvcmVsbGEtaG90ZWwuY29tXC93cC1jb250ZW50XC91cGxvYWRzXC8yMDIyXC8wNlwvUEhPVE8tMjAyMi0wNi0wMi0xOS0zNS00OC0xLmpwZyIsInNsaWRlc2hvdyI6ImM1OTNlMjYifQ%3D%3D\">\n\t\t\t\t\t<div class=\"e-gallery-image elementor-gallery-item__image\" data-thumbnail=\"https:\/\/la-pastorella-hotel.com\/wp-content\/uploads\/2022\/06\/PHOTO-2022-06-02-19-35-48-1-150x150.jpg\" data-width=\"150\" data-height=\"150\" aria-label=\"\" role=\"img\" ><\/div>\n\t\t\t\t\t\t\t\t\t\t\t<div class=\"elementor-gallery-item__overlay\"><\/div>\n\t\t\t\t\t\t\t\t\t\t\t\t\t\t<\/a>\n\t\t\t\t\t\t\t<a class=\"e-gallery-item elementor-gallery-item elementor-animated-content\" href=\"https:\/\/la-pastorella-hotel.com\/wp-content\/uploads\/2022\/10\/3F3A6435-scaled.jpg\" data-elementor-open-lightbox=\"yes\" data-elementor-lightbox-slideshow=\"c593e26\" data-elementor-lightbox-title=\"Blick vom Balkon\" data-e-action-hash=\"#elementor-action%3Aaction%3Dlightbox%26settings%3DeyJpZCI6Nzk4MywidXJsIjoiaHR0cHM6XC9cL2xhLXBhc3RvcmVsbGEtaG90ZWwuY29tXC93cC1jb250ZW50XC91cGxvYWRzXC8yMDIyXC8xMFwvM0YzQTY0MzUtc2NhbGVkLmpwZyIsInNsaWRlc2hvdyI6ImM1OTNlMjYifQ%3D%3D\">\n\t\t\t\t\t<div class=\"e-gallery-image elementor-gallery-item__image\" data-thumbnail=\"https:\/\/la-pastorella-hotel.com\/wp-content\/uploads\/2022\/10\/3F3A6435-150x150.jpg\" data-width=\"150\" data-height=\"150\" aria-label=\"\" role=\"img\" ><\/div>\n\t\t\t\t\t\t\t\t\t\t\t<div class=\"elementor-gallery-item__overlay\"><\/div>\n\t\t\t\t\t\t\t\t\t\t\t\t\t\t<\/a>\n\t\t\t\t\t\t\t<a class=\"e-gallery-item elementor-gallery-item elementor-animated-content\" href=\"https:\/\/la-pastorella-hotel.com\/wp-content\/uploads\/2022\/10\/Ischia_11.jpg\" data-elementor-open-lightbox=\"yes\" data-elementor-lightbox-slideshow=\"c593e26\" data-elementor-lightbox-title=\"Ischia_11\" data-e-action-hash=\"#elementor-action%3Aaction%3Dlightbox%26settings%3DeyJpZCI6Nzk2NCwidXJsIjoiaHR0cHM6XC9cL2xhLXBhc3RvcmVsbGEtaG90ZWwuY29tXC93cC1jb250ZW50XC91cGxvYWRzXC8yMDIyXC8xMFwvSXNjaGlhXzExLmpwZyIsInNsaWRlc2hvdyI6ImM1OTNlMjYifQ%3D%3D\">\n\t\t\t\t\t<div class=\"e-gallery-image elementor-gallery-item__image\" data-thumbnail=\"https:\/\/la-pastorella-hotel.com\/wp-content\/uploads\/2022\/10\/Ischia_11-150x150.jpg\" data-width=\"150\" data-height=\"150\" aria-label=\"\" role=\"img\" ><\/div>\n\t\t\t\t\t\t\t\t\t\t\t<div class=\"elementor-gallery-item__overlay\"><\/div>\n\t\t\t\t\t\t\t\t\t\t\t\t\t\t<\/a>\n\t\t\t\t\t\t\t<a class=\"e-gallery-item elementor-gallery-item elementor-animated-content\" href=\"https:\/\/la-pastorella-hotel.com\/wp-content\/uploads\/2022\/10\/Capri_2.jpg\" data-elementor-open-lightbox=\"yes\" data-elementor-lightbox-slideshow=\"c593e26\" data-elementor-lightbox-title=\"Capri_2\" data-e-action-hash=\"#elementor-action%3Aaction%3Dlightbox%26settings%3DeyJpZCI6Nzk0MiwidXJsIjoiaHR0cHM6XC9cL2xhLXBhc3RvcmVsbGEtaG90ZWwuY29tXC93cC1jb250ZW50XC91cGxvYWRzXC8yMDIyXC8xMFwvQ2FwcmlfMi5qcGciLCJzbGlkZXNob3ciOiJjNTkzZTI2In0%3D\">\n\t\t\t\t\t<div class=\"e-gallery-image elementor-gallery-item__image\" data-thumbnail=\"https:\/\/la-pastorella-hotel.com\/wp-content\/uploads\/2022\/10\/Capri_2-150x150.jpg\" data-width=\"150\" data-height=\"150\" aria-label=\"\" role=\"img\" ><\/div>\n\t\t\t\t\t\t\t\t\t\t\t<div class=\"elementor-gallery-item__overlay\"><\/div>\n\t\t\t\t\t\t\t\t\t\t\t\t\t\t<\/a>\n\t\t\t\t\t\t\t<a class=\"e-gallery-item elementor-gallery-item elementor-animated-content\" href=\"https:\/\/la-pastorella-hotel.com\/wp-content\/uploads\/2022\/10\/Giglio_1.jpg\" data-elementor-open-lightbox=\"yes\" data-elementor-lightbox-slideshow=\"c593e26\" data-elementor-lightbox-title=\"Giglio_1\" data-e-action-hash=\"#elementor-action%3Aaction%3Dlightbox%26settings%3DeyJpZCI6NzkzOSwidXJsIjoiaHR0cHM6XC9cL2xhLXBhc3RvcmVsbGEtaG90ZWwuY29tXC93cC1jb250ZW50XC91cGxvYWRzXC8yMDIyXC8xMFwvR2lnbGlvXzEuanBnIiwic2xpZGVzaG93IjoiYzU5M2UyNiJ9\">\n\t\t\t\t\t<div class=\"e-gallery-image elementor-gallery-item__image\" data-thumbnail=\"https:\/\/la-pastorella-hotel.com\/wp-content\/uploads\/2022\/10\/Giglio_1-150x150.jpg\" data-width=\"150\" data-height=\"150\" aria-label=\"\" role=\"img\" ><\/div>\n\t\t\t\t\t\t\t\t\t\t\t<div class=\"elementor-gallery-item__overlay\"><\/div>\n\t\t\t\t\t\t\t\t\t\t\t\t\t\t<\/a>\n\t\t\t\t\t\t\t<a class=\"e-gallery-item elementor-gallery-item elementor-animated-content\" href=\"https:\/\/la-pastorella-hotel.com\/wp-content\/uploads\/2022\/10\/3F3A6145-scaled.jpg\" data-elementor-open-lightbox=\"yes\" data-elementor-lightbox-slideshow=\"c593e26\" data-elementor-lightbox-title=\"Terasse\" data-e-action-hash=\"#elementor-action%3Aaction%3Dlightbox%26settings%3DeyJpZCI6ODIyOSwidXJsIjoiaHR0cHM6XC9cL2xhLXBhc3RvcmVsbGEtaG90ZWwuY29tXC93cC1jb250ZW50XC91cGxvYWRzXC8yMDIyXC8xMFwvM0YzQTYxNDUtc2NhbGVkLmpwZyIsInNsaWRlc2hvdyI6ImM1OTNlMjYifQ%3D%3D\">\n\t\t\t\t\t<div class=\"e-gallery-image elementor-gallery-item__image\" data-thumbnail=\"https:\/\/la-pastorella-hotel.com\/wp-content\/uploads\/2022\/10\/3F3A6145-150x150.jpg\" data-width=\"150\" data-height=\"150\" aria-label=\"\" role=\"img\" ><\/div>\n\t\t\t\t\t\t\t\t\t\t\t<div class=\"elementor-gallery-item__overlay\"><\/div>\n\t\t\t\t\t\t\t\t\t\t\t\t\t\t<\/a>\n\t\t\t\t\t\t\t<a class=\"e-gallery-item elementor-gallery-item elementor-animated-content\" href=\"https:\/\/la-pastorella-hotel.com\/wp-content\/uploads\/2022\/10\/Capri_11.jpg\" data-elementor-open-lightbox=\"yes\" data-elementor-lightbox-slideshow=\"c593e26\" data-elementor-lightbox-title=\"Capri_11\" data-e-action-hash=\"#elementor-action%3Aaction%3Dlightbox%26settings%3DeyJpZCI6Nzk1MiwidXJsIjoiaHR0cHM6XC9cL2xhLXBhc3RvcmVsbGEtaG90ZWwuY29tXC93cC1jb250ZW50XC91cGxvYWRzXC8yMDIyXC8xMFwvQ2FwcmlfMTEuanBnIiwic2xpZGVzaG93IjoiYzU5M2UyNiJ9\">\n\t\t\t\t\t<div class=\"e-gallery-image elementor-gallery-item__image\" data-thumbnail=\"https:\/\/la-pastorella-hotel.com\/wp-content\/uploads\/2022\/10\/Capri_11-150x150.jpg\" data-width=\"150\" data-height=\"150\" aria-label=\"\" role=\"img\" ><\/div>\n\t\t\t\t\t\t\t\t\t\t\t<div class=\"elementor-gallery-item__overlay\"><\/div>\n\t\t\t\t\t\t\t\t\t\t\t\t\t\t<\/a>\n\t\t\t\t\t\t\t<a class=\"e-gallery-item elementor-gallery-item elementor-animated-content\" href=\"https:\/\/la-pastorella-hotel.com\/wp-content\/uploads\/2022\/10\/Stromboli_4.jpg\" data-elementor-open-lightbox=\"yes\" data-elementor-lightbox-slideshow=\"c593e26\" data-elementor-lightbox-title=\"Stromboli_4\" data-e-action-hash=\"#elementor-action%3Aaction%3Dlightbox%26settings%3DeyJpZCI6NzkyMiwidXJsIjoiaHR0cHM6XC9cL2xhLXBhc3RvcmVsbGEtaG90ZWwuY29tXC93cC1jb250ZW50XC91cGxvYWRzXC8yMDIyXC8xMFwvU3Ryb21ib2xpXzQuanBnIiwic2xpZGVzaG93IjoiYzU5M2UyNiJ9\">\n\t\t\t\t\t<div class=\"e-gallery-image elementor-gallery-item__image\" data-thumbnail=\"https:\/\/la-pastorella-hotel.com\/wp-content\/uploads\/2022\/10\/Stromboli_4-150x150.jpg\" data-width=\"150\" data-height=\"150\" aria-label=\"\" role=\"img\" ><\/div>\n\t\t\t\t\t\t\t\t\t\t\t<div class=\"elementor-gallery-item__overlay\"><\/div>\n\t\t\t\t\t\t\t\t\t\t\t\t\t\t<\/a>\n\t\t\t\t\t<\/div>\n\t\t\t<\/div>\n\t\t\t\t<\/div>\n\t\t\t\t<div class=\"elementor-element elementor-element-cf7e7f5 elementor-widget elementor-widget-menu-anchor\" data-id=\"cf7e7f5\" data-element_type=\"widget\" data-widget_type=\"menu-anchor.default\">\n\t\t\t\t<div class=\"elementor-widget-container\">\n\t\t\t\t\t<div class=\"elementor-menu-anchor\" id=\"bewertungen\"><\/div>\n\t\t\t\t<\/div>\n\t\t\t\t<\/div>\n\t\t\t\t\t<\/div>\n\t\t<\/div>\n\t\t\t\t\t<\/div>\n\t\t<\/section>\n\t\t\t\t<section class=\"elementor-section elementor-top-section elementor-element elementor-element-292b8a3 elementor-section-boxed elementor-section-height-default elementor-section-height-default\" data-id=\"292b8a3\" data-element_type=\"section\">\n\t\t\t\t\t\t<div class=\"elementor-container elementor-column-gap-default\">\n\t\t\t\t\t<div class=\"elementor-column elementor-col-100 elementor-top-column elementor-element elementor-element-1f0af14\" data-id=\"1f0af14\" data-element_type=\"column\">\n\t\t\t<div class=\"elementor-widget-wrap\">\n\t\t\t\t\t\t\t<\/div>\n\t\t<\/div>\n\t\t\t\t\t<\/div>\n\t\t<\/section>\n\t\t\t\t<section class=\"elementor-section elementor-top-section elementor-element elementor-element-7ec795c3 elementor-section-content-middle elementor-section-boxed elementor-section-height-default elementor-section-height-default\" data-id=\"7ec795c3\" data-element_type=\"section\" data-settings=\"{&quot;background_motion_fx_devices&quot;:[&quot;desktop&quot;,&quot;tablet&quot;,&quot;mobile&quot;]}\">\n\t\t\t\t\t\t<div class=\"elementor-container elementor-column-gap-no\">\n\t\t\t\t\t<div class=\"elementor-column elementor-col-100 elementor-top-column elementor-element elementor-element-2ee1ec3d\" data-id=\"2ee1ec3d\" data-element_type=\"column\">\n\t\t\t<div class=\"elementor-widget-wrap elementor-element-populated\">\n\t\t\t\t\t\t<div class=\"elementor-element elementor-element-431f06d elementor-widget elementor-widget-heading\" data-id=\"431f06d\" data-element_type=\"widget\" data-widget_type=\"heading.default\">\n\t\t\t\t<div class=\"elementor-widget-container\">\n\t\t\t<h1 class=\"elementor-heading-title elementor-size-default\">ausf\u00fchrlicher Ablauf<\/h1>\t\t<\/div>\n\t\t\t\t<\/div>\n\t\t\t\t<section class=\"elementor-section elementor-inner-section elementor-element elementor-element-14232f8a elementor-section-boxed elementor-section-height-default elementor-section-height-default\" data-id=\"14232f8a\" data-element_type=\"section\">\n\t\t\t\t\t\t<div class=\"elementor-container elementor-column-gap-default\">\n\t\t\t\t\t<div class=\"elementor-column elementor-col-50 elementor-inner-column elementor-element elementor-element-67547c0 elementor-invisible\" data-id=\"67547c0\" data-element_type=\"column\" data-settings=\"{&quot;background_background&quot;:&quot;classic&quot;,&quot;animation&quot;:&quot;fadeIn&quot;}\">\n\t\t\t<div class=\"elementor-widget-wrap elementor-element-populated\">\n\t\t\t\t\t\t<div class=\"elementor-element elementor-element-60b935b3 elementor-widget elementor-widget-heading\" data-id=\"60b935b3\" data-element_type=\"widget\" data-widget_type=\"heading.default\">\n\t\t\t\t<div class=\"elementor-widget-container\">\n\t\t\t<h3 class=\"elementor-heading-title elementor-size-default\">Tag 1<\/h3>\t\t<\/div>\n\t\t\t\t<\/div>\n\t\t\t\t<div class=\"elementor-element elementor-element-2bec7528 elementor-widget-divider--view-line elementor-widget elementor-widget-divider\" data-id=\"2bec7528\" data-element_type=\"widget\" data-widget_type=\"divider.default\">\n\t\t\t\t<div class=\"elementor-widget-container\">\n\t\t\t\t\t<div class=\"elementor-divider\">\n\t\t\t<span class=\"elementor-divider-separator\">\n\t\t\t\t\t\t<\/span>\n\t\t<\/div>\n\t\t\t\t<\/div>\n\t\t\t\t<\/div>\n\t\t\t\t<div class=\"elementor-element elementor-element-34e4eea7 elementor-widget elementor-widget-text-editor\" data-id=\"34e4eea7\" data-element_type=\"widget\" data-widget_type=\"text-editor.default\">\n\t\t\t\t<div class=\"elementor-widget-container\">\n\t\t\t\t\t\t\t<p class=\"p1\">Eigene Anreise nach Maier\u00e1 ins Hotel La Pastorella<\/p><p class=\"p1\">Am Abend lernen Sie bei einem Aperitif<span class=\"Apple-converted-space\">\u00a0 <\/span>Ihren Wanderf\u00fchrer Wolfgang Murmann<span class=\"Apple-converted-space\">\u00a0 <\/span>und alle anderen Wanderfreunde kennen.<\/p><p class=\"p1\">Wolfgang wird Sie auf die folgenden Tage einstimmen und mit Ihnen Details zu den Wanderungen besprechen.<\/p><p class=\"p1\">Ab ca. 20:00 Uhr wird Ihnen ein typisches, kalabresisches<span class=\"Apple-converted-space\">\u00a0 <\/span>4-G\u00e4nge Men\u00fc serviert.<\/p>\t\t\t\t\t\t<\/div>\n\t\t\t\t<\/div>\n\t\t\t\t\t<\/div>\n\t\t<\/div>\n\t\t\t\t<div class=\"elementor-column elementor-col-50 elementor-inner-column elementor-element elementor-element-390c4ad elementor-invisible\" data-id=\"390c4ad\" data-element_type=\"column\" data-settings=\"{&quot;animation&quot;:&quot;fadeIn&quot;}\">\n\t\t\t<div class=\"elementor-widget-wrap elementor-element-populated\">\n\t\t\t\t\t\t<div class=\"elementor-element elementor-element-065e0a1 elementor-widget elementor-widget-heading\" data-id=\"065e0a1\" data-element_type=\"widget\" data-widget_type=\"heading.default\">\n\t\t\t\t<div class=\"elementor-widget-container\">\n\t\t\t<h3 class=\"elementor-heading-title elementor-size-default\">Tag 2<\/h3>\t\t<\/div>\n\t\t\t\t<\/div>\n\t\t\t\t<div class=\"elementor-element elementor-element-21ceae3 elementor-widget-divider--view-line elementor-widget elementor-widget-divider\" data-id=\"21ceae3\" data-element_type=\"widget\" data-widget_type=\"divider.default\">\n\t\t\t\t<div class=\"elementor-widget-container\">\n\t\t\t\t\t<div class=\"elementor-divider\">\n\t\t\t<span class=\"elementor-divider-separator\">\n\t\t\t\t\t\t<\/span>\n\t\t<\/div>\n\t\t\t\t<\/div>\n\t\t\t\t<\/div>\n\t\t\t\t<div class=\"elementor-element elementor-element-1dc92c7 elementor-widget elementor-widget-text-editor\" data-id=\"1dc92c7\" data-element_type=\"widget\" data-widget_type=\"text-editor.default\">\n\t\t\t\t<div class=\"elementor-widget-container\">\n\t\t\t\t\t\t\t<p class=\"p1\">Nach einem reichhaltigen Fr\u00fchst\u00fcck im La Pastorella wandern Sie in den mittelalterlichen Ort Grisolia, der 400 m \u00fcber dem Meeresspiegel liegt.<\/p><p class=\"p1\">Der Pfad f\u00fchrt Sie durch eine imposante Schlucht des Baches Vaccuta, mit atemberaubenden Aussichten auf das glitzernde Meer.<\/p><p class=\"p1\">Der R\u00fcckweg geht wieder durch das M\u00fchlental. Hier haben noch in den 60-iger Jahren die Frauen aus Grisolia und Maier\u00e1 unter gro\u00dfer Anstrengung, ihre W\u00e4sche gewaschen.<\/p><p class=\"p1\">( Wanderung mittelschwer, ca. 9km, ca. 3 Stunden, ca.520 m H\u00f6he )<\/p>\t\t\t\t\t\t<\/div>\n\t\t\t\t<\/div>\n\t\t\t\t\t<\/div>\n\t\t<\/div>\n\t\t\t\t\t<\/div>\n\t\t<\/section>\n\t\t\t\t<section class=\"elementor-section elementor-inner-section elementor-element elementor-element-be795e8 elementor-section-boxed elementor-section-height-default elementor-section-height-default\" data-id=\"be795e8\" data-element_type=\"section\">\n\t\t\t\t\t\t<div class=\"elementor-container elementor-column-gap-default\">\n\t\t\t\t\t<div class=\"elementor-column elementor-col-50 elementor-inner-column elementor-element elementor-element-6c6b8cb elementor-invisible\" data-id=\"6c6b8cb\" data-element_type=\"column\" data-settings=\"{&quot;background_background&quot;:&quot;classic&quot;,&quot;animation&quot;:&quot;fadeIn&quot;}\">\n\t\t\t<div class=\"elementor-widget-wrap elementor-element-populated\">\n\t\t\t\t\t\t<div class=\"elementor-element elementor-element-c22d142 elementor-widget elementor-widget-heading\" data-id=\"c22d142\" data-element_type=\"widget\" data-widget_type=\"heading.default\">\n\t\t\t\t<div class=\"elementor-widget-container\">\n\t\t\t<h3 class=\"elementor-heading-title elementor-size-default\">Tag 3<\/h3>\t\t<\/div>\n\t\t\t\t<\/div>\n\t\t\t\t<div class=\"elementor-element elementor-element-454df9d elementor-widget-divider--view-line elementor-widget elementor-widget-divider\" data-id=\"454df9d\" data-element_type=\"widget\" data-widget_type=\"divider.default\">\n\t\t\t\t<div class=\"elementor-widget-container\">\n\t\t\t\t\t<div class=\"elementor-divider\">\n\t\t\t<span class=\"elementor-divider-separator\">\n\t\t\t\t\t\t<\/span>\n\t\t<\/div>\n\t\t\t\t<\/div>\n\t\t\t\t<\/div>\n\t\t\t\t<div class=\"elementor-element elementor-element-86c91e8 elementor-widget elementor-widget-text-editor\" data-id=\"86c91e8\" data-element_type=\"widget\" data-widget_type=\"text-editor.default\">\n\t\t\t\t<div class=\"elementor-widget-container\">\n\t\t\t\t\t\t\t<p class=\"p1\">Heute starten Sie in Richtung Belvedere Marittimo in den Ort Trifari Alto.<span class=\"Apple-converted-space\">\u00a0<\/span><\/p><p class=\"p1\">Die Wanderung f\u00fchrt zu einer bekannten Bergkapelle, da hier jedes Jahr im Juni, eine lokale Wallfahrt stattfindet.<\/p><p class=\"p1\">Der stetige Anstieg eines ehemaligen Maultierpfades geht langsam in ein immer steileres, alpineres Gel\u00e4nde \u00fcber. Frisches Quellwasser am Rand des Weges, l\u00e4dt zum Erfrischen ein.<\/p><p class=\"p1\">Nach diesem Aufstieg werden Sie mit herrlichen Ausblicken belohnt. Bei guter Fernsicht sehen Sie u.a. den Golf von Policastro und die Insel Stromboli.<\/p><p class=\"p1\">( Wanderung mittelschwer\/schwer, ca.5 Stunden, ca. 650m H\u00f6he )<\/p>\t\t\t\t\t\t<\/div>\n\t\t\t\t<\/div>\n\t\t\t\t\t<\/div>\n\t\t<\/div>\n\t\t\t\t<div class=\"elementor-column elementor-col-50 elementor-inner-column elementor-element elementor-element-5313634 elementor-invisible\" data-id=\"5313634\" data-element_type=\"column\" data-settings=\"{&quot;background_background&quot;:&quot;classic&quot;,&quot;animation&quot;:&quot;fadeIn&quot;}\">\n\t\t\t<div class=\"elementor-widget-wrap elementor-element-populated\">\n\t\t\t\t\t\t<div class=\"elementor-element elementor-element-05f103a elementor-widget elementor-widget-heading\" data-id=\"05f103a\" data-element_type=\"widget\" data-widget_type=\"heading.default\">\n\t\t\t\t<div class=\"elementor-widget-container\">\n\t\t\t<h3 class=\"elementor-heading-title elementor-size-default\">Tag 4<\/h3>\t\t<\/div>\n\t\t\t\t<\/div>\n\t\t\t\t<div class=\"elementor-element elementor-element-9040378 elementor-widget-divider--view-line elementor-widget elementor-widget-divider\" data-id=\"9040378\" data-element_type=\"widget\" data-widget_type=\"divider.default\">\n\t\t\t\t<div class=\"elementor-widget-container\">\n\t\t\t\t\t<div class=\"elementor-divider\">\n\t\t\t<span class=\"elementor-divider-separator\">\n\t\t\t\t\t\t<\/span>\n\t\t<\/div>\n\t\t\t\t<\/div>\n\t\t\t\t<\/div>\n\t\t\t\t<div class=\"elementor-element elementor-element-f76d24c elementor-widget elementor-widget-text-editor\" data-id=\"f76d24c\" data-element_type=\"widget\" data-widget_type=\"text-editor.default\">\n\t\t\t\t<div class=\"elementor-widget-container\">\n\t\t\t\t\t\t\t<p class=\"p1\">Eine Reise in die Vergangenheit! Unser Ziel sind heute die Ruinen von Cirella Vecchia.<\/p><p class=\"p1\">Die Reste der mittelalterlichen Festung auf dem Vorgebirge liegen auf einer H\u00f6he von 170m \u00fcber dem Meeresspiegel.<\/p><p class=\"p1\">Anfang des 19. Jahrhunderts wurde die Wehrbefestigung von Schiffskanonen befeuert und total zerst\u00f6rt. Ein Spaziergang zwischen den \u00dcberresten der alten Festung, l\u00e4sst einen erahnen, wie es hier vor \u00fcber 200 Jahren ausgesehen hat.<\/p><p class=\"p1\">Auf dem R\u00fcckweg ins Hotel La Pastorella k\u00f6nnen Sie einen kleinen, kulinarischen Zwischenstopp einlegen.<span class=\"Apple-converted-space\">\u00a0<\/span><\/p><p class=\"p1\">In der Manufaktur Casa Maier\u00e1, werden Ihnen typische, lokale K\u00f6stlichkeiten zum Probieren gereicht.<\/p><p class=\"p1\">( Wanderung leicht, ca. 6 km, ca. 2 Stunden, 150m H\u00f6he )<\/p>\t\t\t\t\t\t<\/div>\n\t\t\t\t<\/div>\n\t\t\t\t\t<\/div>\n\t\t<\/div>\n\t\t\t\t\t<\/div>\n\t\t<\/section>\n\t\t\t\t<section class=\"elementor-section elementor-inner-section elementor-element elementor-element-67d6f1f elementor-section-boxed elementor-section-height-default elementor-section-height-default\" data-id=\"67d6f1f\" data-element_type=\"section\">\n\t\t\t\t\t\t<div class=\"elementor-container elementor-column-gap-default\">\n\t\t\t\t\t<div class=\"elementor-column elementor-col-50 elementor-inner-column elementor-element elementor-element-8231906 elementor-invisible\" data-id=\"8231906\" data-element_type=\"column\" data-settings=\"{&quot;animation&quot;:&quot;fadeIn&quot;}\">\n\t\t\t<div class=\"elementor-widget-wrap elementor-element-populated\">\n\t\t\t\t\t\t<div class=\"elementor-element elementor-element-5aeb717 elementor-widget elementor-widget-heading\" data-id=\"5aeb717\" data-element_type=\"widget\" data-widget_type=\"heading.default\">\n\t\t\t\t<div class=\"elementor-widget-container\">\n\t\t\t<h3 class=\"elementor-heading-title elementor-size-default\">Tag 5<\/h3>\t\t<\/div>\n\t\t\t\t<\/div>\n\t\t\t\t<div class=\"elementor-element elementor-element-4f796d2 elementor-widget-divider--view-line elementor-widget elementor-widget-divider\" data-id=\"4f796d2\" data-element_type=\"widget\" data-widget_type=\"divider.default\">\n\t\t\t\t<div class=\"elementor-widget-container\">\n\t\t\t\t\t<div class=\"elementor-divider\">\n\t\t\t<span class=\"elementor-divider-separator\">\n\t\t\t\t\t\t<\/span>\n\t\t<\/div>\n\t\t\t\t<\/div>\n\t\t\t\t<\/div>\n\t\t\t\t<div class=\"elementor-element elementor-element-cca75bb elementor-widget elementor-widget-text-editor\" data-id=\"cca75bb\" data-element_type=\"widget\" data-widget_type=\"text-editor.default\">\n\t\t\t\t<div class=\"elementor-widget-container\">\n\t\t\t\t\t\t\t<p class=\"p1\">Dolce far niente<\/p><p class=\"p1\">Ein Tag zur freien Verf\u00fcgung.<\/p>\t\t\t\t\t\t<\/div>\n\t\t\t\t<\/div>\n\t\t\t\t\t<\/div>\n\t\t<\/div>\n\t\t\t\t<div class=\"elementor-column elementor-col-50 elementor-inner-column elementor-element elementor-element-0406610 elementor-invisible\" data-id=\"0406610\" data-element_type=\"column\" data-settings=\"{&quot;background_background&quot;:&quot;classic&quot;,&quot;animation&quot;:&quot;fadeIn&quot;}\">\n\t\t\t<div class=\"elementor-widget-wrap elementor-element-populated\">\n\t\t\t\t\t\t<div class=\"elementor-element elementor-element-9b5cb2a elementor-widget elementor-widget-heading\" data-id=\"9b5cb2a\" data-element_type=\"widget\" data-widget_type=\"heading.default\">\n\t\t\t\t<div class=\"elementor-widget-container\">\n\t\t\t<h3 class=\"elementor-heading-title elementor-size-default\">Tag 6<\/h3>\t\t<\/div>\n\t\t\t\t<\/div>\n\t\t\t\t<div class=\"elementor-element elementor-element-dc15388 elementor-widget-divider--view-line elementor-widget elementor-widget-divider\" data-id=\"dc15388\" data-element_type=\"widget\" data-widget_type=\"divider.default\">\n\t\t\t\t<div class=\"elementor-widget-container\">\n\t\t\t\t\t<div class=\"elementor-divider\">\n\t\t\t<span class=\"elementor-divider-separator\">\n\t\t\t\t\t\t<\/span>\n\t\t<\/div>\n\t\t\t\t<\/div>\n\t\t\t\t<\/div>\n\t\t\t\t<div class=\"elementor-element elementor-element-37bb2ae elementor-widget elementor-widget-text-editor\" data-id=\"37bb2ae\" data-element_type=\"widget\" data-widget_type=\"text-editor.default\">\n\t\t\t\t<div class=\"elementor-widget-container\">\n\t\t\t\t\t\t\t<p class=\"p1\">Am Vormittag geht die Wanderung aus Maier\u00e1 hinaus.<span class=\"Apple-converted-space\">\u00a0<\/span><\/p><p class=\"p1\">Der Weg f\u00fchrt Sie am Fu\u00dfe des Monte Carpinoso entlang bis der Anstieg zum Bergr\u00fccken zum Monte Romano beginnt. Entlang des Bergkammes er\u00f6ffnet sich ein wundersch\u00f6nes Panorama auf das Tyrrhenische Meer.<\/p><p class=\"p1\">Sie wandern auf steinigem Untergrund im freien Gel\u00e4nde, ohne Weg und freiem Blick auf\u2019s Meer.<\/p><p class=\"p1\">Am kleinen Sattel des Bergr\u00fcckens beginnt der Abstieg zur\u00fcck nach Maier\u00e1.<\/p><p class=\"p1\">( Wanderung mittelschwer\/schwer, ca, 8 km, ca, 5 Stunden, 160 m H\u00f6he )<\/p>\t\t\t\t\t\t<\/div>\n\t\t\t\t<\/div>\n\t\t\t\t\t<\/div>\n\t\t<\/div>\n\t\t\t\t\t<\/div>\n\t\t<\/section>\n\t\t\t\t<section class=\"elementor-section elementor-inner-section elementor-element elementor-element-d2ee4fe elementor-section-boxed elementor-section-height-default elementor-section-height-default\" data-id=\"d2ee4fe\" data-element_type=\"section\">\n\t\t\t\t\t\t<div class=\"elementor-container elementor-column-gap-default\">\n\t\t\t\t\t<div class=\"elementor-column elementor-col-50 elementor-inner-column elementor-element elementor-element-9f7b4b9 elementor-invisible\" data-id=\"9f7b4b9\" data-element_type=\"column\" data-settings=\"{&quot;background_background&quot;:&quot;classic&quot;,&quot;animation&quot;:&quot;fadeIn&quot;}\">\n\t\t\t<div class=\"elementor-widget-wrap elementor-element-populated\">\n\t\t\t\t\t\t<div class=\"elementor-element elementor-element-d5d3713 elementor-widget elementor-widget-heading\" data-id=\"d5d3713\" data-element_type=\"widget\" data-widget_type=\"heading.default\">\n\t\t\t\t<div class=\"elementor-widget-container\">\n\t\t\t<h3 class=\"elementor-heading-title elementor-size-default\">Tag 7<\/h3>\t\t<\/div>\n\t\t\t\t<\/div>\n\t\t\t\t<div class=\"elementor-element elementor-element-9974c7a elementor-widget-divider--view-line elementor-widget elementor-widget-divider\" data-id=\"9974c7a\" data-element_type=\"widget\" data-widget_type=\"divider.default\">\n\t\t\t\t<div class=\"elementor-widget-container\">\n\t\t\t\t\t<div class=\"elementor-divider\">\n\t\t\t<span class=\"elementor-divider-separator\">\n\t\t\t\t\t\t<\/span>\n\t\t<\/div>\n\t\t\t\t<\/div>\n\t\t\t\t<\/div>\n\t\t\t\t<div class=\"elementor-element elementor-element-f25dbb7 elementor-widget elementor-widget-text-editor\" data-id=\"f25dbb7\" data-element_type=\"widget\" data-widget_type=\"text-editor.default\">\n\t\t\t\t<div class=\"elementor-widget-container\">\n\t\t\t\t\t\t\t<p class=\"p1\">Morgens machen Sie sich auf den Weg nach Buonvicino.<\/p><p class=\"p1\">Die Wanderung beginnt oberhalb des idyllischen Ortes an der Wallfahrtskirche Madonna della Neve, auf 720 m H\u00f6he.<\/p><p class=\"p1\">Ein schattiger Waldweg unter Erlen, Buchen und Steineichen f\u00fchrt Sie hinunter ins Tal.<\/p><p class=\"p1\">Sie erreichen das mittlerweile verlassene antike Dorf Serapodolo.<\/p><p class=\"p1\">Hier haben bereits die alten Griechen Kalk abgetragen und Holzkohle gebrannt um Pech zu gewinnen.<\/p><p class=\"p1\">Nach einer Rast geht es den Windungen des kristallklaren Flusses Corvino entlang,<span class=\"Apple-converted-space\">\u00a0<\/span><\/p><p class=\"p1\">Auf einer H\u00f6he von 200 Metern erreichen Sie die Altstadt von Buonvicino.<span class=\"Apple-converted-space\">\u00a0<\/span><\/p><p class=\"p1\">( Wanderung leicht, ca. 8km, ca. 3,5 Stunden, bis 520m H\u00f6he )<\/p>\t\t\t\t\t\t<\/div>\n\t\t\t\t<\/div>\n\t\t\t\t\t<\/div>\n\t\t<\/div>\n\t\t\t\t<div class=\"elementor-column elementor-col-50 elementor-inner-column elementor-element elementor-element-d5ced17 elementor-invisible\" data-id=\"d5ced17\" data-element_type=\"column\" data-settings=\"{&quot;animation&quot;:&quot;fadeIn&quot;}\">\n\t\t\t<div class=\"elementor-widget-wrap elementor-element-populated\">\n\t\t\t\t\t\t<div class=\"elementor-element elementor-element-98c2af7 elementor-widget elementor-widget-heading\" data-id=\"98c2af7\" data-element_type=\"widget\" data-widget_type=\"heading.default\">\n\t\t\t\t<div class=\"elementor-widget-container\">\n\t\t\t<h3 class=\"elementor-heading-title elementor-size-default\">Tag 8<\/h3>\t\t<\/div>\n\t\t\t\t<\/div>\n\t\t\t\t<div class=\"elementor-element elementor-element-c3a1eb1 elementor-widget-divider--view-line elementor-widget elementor-widget-divider\" data-id=\"c3a1eb1\" data-element_type=\"widget\" data-widget_type=\"divider.default\">\n\t\t\t\t<div class=\"elementor-widget-container\">\n\t\t\t\t\t<div class=\"elementor-divider\">\n\t\t\t<span class=\"elementor-divider-separator\">\n\t\t\t\t\t\t<\/span>\n\t\t<\/div>\n\t\t\t\t<\/div>\n\t\t\t\t<\/div>\n\t\t\t\t<div class=\"elementor-element elementor-element-d152891 elementor-widget elementor-widget-text-editor\" data-id=\"d152891\" data-element_type=\"widget\" data-widget_type=\"text-editor.default\">\n\t\t\t\t<div class=\"elementor-widget-container\">\n\t\t\t\t\t\t\t<p class=\"p1\">Heute ist Ihr Abreisetag.<\/p><p class=\"p1\">Nach einem ausgewogenen Fr\u00fchst\u00fcck sagen wir:<\/p>\t\t\t\t\t\t<\/div>\n\t\t\t\t<\/div>\n\t\t\t\t<div class=\"elementor-element elementor-element-efa4100 elementor-widget elementor-widget-text-editor\" data-id=\"efa4100\" data-element_type=\"widget\" data-widget_type=\"text-editor.default\">\n\t\t\t\t<div class=\"elementor-widget-container\">\n\t\t\t\t\t\t\t<p>Ciao, Arrivederci , a presto.<\/p>\t\t\t\t\t\t<\/div>\n\t\t\t\t<\/div>\n\t\t\t\t\t<\/div>\n\t\t<\/div>\n\t\t\t\t\t<\/div>\n\t\t<\/section>\n\t\t\t\t\t<\/div>\n\t\t<\/div>\n\t\t\t\t\t<\/div>\n\t\t<\/section>\n\t\t\t\t<section class=\"elementor-section elementor-top-section elementor-element elementor-element-e6a7ffb elementor-section-boxed elementor-section-height-default elementor-section-height-default\" data-id=\"e6a7ffb\" data-element_type=\"section\" data-settings=\"{&quot;background_background&quot;:&quot;classic&quot;}\">\n\t\t\t\t\t\t<div class=\"elementor-container elementor-column-gap-default\">\n\t\t\t\t\t<div class=\"elementor-column elementor-col-100 elementor-top-column elementor-element elementor-element-5d34c74\" data-id=\"5d34c74\" data-element_type=\"column\">\n\t\t\t<div class=\"elementor-widget-wrap elementor-element-populated\">\n\t\t\t\t\t\t<div class=\"elementor-element elementor-element-5ab7e67 elementor-invisible elementor-widget elementor-widget-heading\" data-id=\"5ab7e67\" data-element_type=\"widget\" data-settings=\"{&quot;_animation&quot;:&quot;fadeInUp&quot;}\" data-widget_type=\"heading.default\">\n\t\t\t\t<div class=\"elementor-widget-container\">\n\t\t\t<h3 class=\"elementor-heading-title elementor-size-default\">Portrait <\/h3>\t\t<\/div>\n\t\t\t\t<\/div>\n\t\t\t\t<div class=\"elementor-element elementor-element-6f09d49 elementor-widget elementor-widget-heading\" data-id=\"6f09d49\" data-element_type=\"widget\" data-widget_type=\"heading.default\">\n\t\t\t\t<div class=\"elementor-widget-container\">\n\t\t\t<h1 class=\"elementor-heading-title elementor-size-default\">Wolfgang Murmann<\/h1>\t\t<\/div>\n\t\t\t\t<\/div>\n\t\t\t\t<div class=\"elementor-element elementor-element-396e670 elementor-widget elementor-widget-text-editor\" data-id=\"396e670\" data-element_type=\"widget\" data-widget_type=\"text-editor.default\">\n\t\t\t\t<div class=\"elementor-widget-container\">\n\t\t\t\t\t\t\t<p class=\"p1\">Der geb\u00fcrtige Bayer lebt seit 18 Jahren im S\u00fcden von Italien. Wolfgang war im ersten Leben Glasdesigner.<span class=\"Apple-converted-space\">\u00a0<br \/><\/span>Viele Jahre arbeitete er selbstst\u00e4ndig, in seiner Agentur f\u00fcr Marketing und Werbung. Zudem absolvierte<span class=\"Apple-converted-space\">\u00a0 <\/span>Wolfgang Murmann in \u00d6sterreich eine Wander-und Naturf\u00fchrerausbildung. Diese Ausbildung wurde ihm im vollem Umfang in Italien anerkannt.<\/p><p class=\"p1\">Seit nunmehr fast zwei Jahrzehnten f\u00fchrt Wolfgang mit viel Freude und Leidenschaft, seine G\u00e4ste durch das Gebirge seiner Wahlheimat Italien. Er selbst sieht sich als Geschichtenerz\u00e4hler und bringt Ihnen die Natur, Kultur, Br\u00e4uche und Traditionen des Landstriches, im bayerischem Akzent voller Begeisterung n\u00e4her.<\/p><p class=\"p1\">Es ist ein Erlebnis mit ihm unterwegs zu sein.<\/p>\t\t\t\t\t\t<\/div>\n\t\t\t\t<\/div>\n\t\t\t\t\t<\/div>\n\t\t<\/div>\n\t\t\t\t\t<\/div>\n\t\t<\/section>\n\t\t\t\t<section class=\"elementor-section elementor-top-section elementor-element elementor-element-d5d4c05 elementor-section-boxed elementor-section-height-default elementor-section-height-default\" data-id=\"d5d4c05\" data-element_type=\"section\" data-settings=\"{&quot;background_background&quot;:&quot;classic&quot;}\">\n\t\t\t\t\t\t<div class=\"elementor-container elementor-column-gap-wide\">\n\t\t\t\t\t<div class=\"elementor-column elementor-col-50 elementor-top-column elementor-element elementor-element-655422b\" data-id=\"655422b\" data-element_type=\"column\" data-settings=\"{&quot;background_background&quot;:&quot;classic&quot;}\">\n\t\t\t<div class=\"elementor-widget-wrap elementor-element-populated\">\n\t\t\t\t\t\t<div class=\"elementor-element elementor-element-2548523 elementor-widget elementor-widget-text-editor\" data-id=\"2548523\" data-element_type=\"widget\" data-widget_type=\"text-editor.default\">\n\t\t\t\t<div class=\"elementor-widget-container\">\n\t\t\t\t\t\t\t<p>F\u00fcr R\u00fcckfragen zum Thema \u201e Wandern\u201c k\u00f6nnen Sie Wolfgang Murmann gerne telefonisch kontaktieren.<strong><br \/><\/strong><\/p>\t\t\t\t\t\t<\/div>\n\t\t\t\t<\/div>\n\t\t\t\t<div class=\"elementor-element elementor-element-f0a782e elementor-widget-divider--view-line_icon elementor-view-default elementor-widget-divider--element-align-center elementor-widget elementor-widget-divider\" data-id=\"f0a782e\" data-element_type=\"widget\" data-widget_type=\"divider.default\">\n\t\t\t\t<div class=\"elementor-widget-container\">\n\t\t\t\t\t<div class=\"elementor-divider\">\n\t\t\t<span class=\"elementor-divider-separator\">\n\t\t\t\t\t\t\t<div class=\"elementor-icon elementor-divider__element\">\n\t\t\t\t\t<i aria-hidden=\"true\" class=\"fas fa-phone\"><\/i><\/div>\n\t\t\t\t\t\t<\/span>\n\t\t<\/div>\n\t\t\t\t<\/div>\n\t\t\t\t<\/div>\n\t\t\t\t<div class=\"elementor-element elementor-element-74b5bd2 elementor-widget elementor-widget-text-editor\" data-id=\"74b5bd2\" data-element_type=\"widget\" data-widget_type=\"text-editor.default\">\n\t\t\t\t<div class=\"elementor-widget-container\">\n\t\t\t\t\t\t\t<p><strong>Sie erreichen ihn unter Tel. Nr.: +39 327 8676041<br \/><\/strong><\/p>\t\t\t\t\t\t<\/div>\n\t\t\t\t<\/div>\n\t\t\t\t\t<\/div>\n\t\t<\/div>\n\t\t\t\t<div class=\"elementor-column elementor-col-50 elementor-top-column elementor-element elementor-element-71f3416\" data-id=\"71f3416\" data-element_type=\"column\" data-settings=\"{&quot;background_background&quot;:&quot;classic&quot;}\">\n\t\t\t<div class=\"elementor-widget-wrap elementor-element-populated\">\n\t\t\t\t\t\t<div class=\"elementor-element elementor-element-0ec0e20 elementor-widget elementor-widget-text-editor\" data-id=\"0ec0e20\" data-element_type=\"widget\" data-widget_type=\"text-editor.default\">\n\t\t\t\t<div class=\"elementor-widget-container\">\n\t\t\t\t\t\t\t<p>Wenn Sie weitere Informationen zur Unterkunft und Verpflegung w\u00fcnschen erreichen Sie Claudia Kuse<\/p>\t\t\t\t\t\t<\/div>\n\t\t\t\t<\/div>\n\t\t\t\t<div class=\"elementor-element elementor-element-d21525f elementor-widget-divider--view-line_icon elementor-view-default elementor-widget-divider--element-align-center elementor-widget elementor-widget-divider\" data-id=\"d21525f\" data-element_type=\"widget\" data-widget_type=\"divider.default\">\n\t\t\t\t<div class=\"elementor-widget-container\">\n\t\t\t\t\t<div class=\"elementor-divider\">\n\t\t\t<span class=\"elementor-divider-separator\">\n\t\t\t\t\t\t\t<div class=\"elementor-icon elementor-divider__element\">\n\t\t\t\t\t<i aria-hidden=\"true\" class=\"fas fa-phone\"><\/i><\/div>\n\t\t\t\t\t\t<\/span>\n\t\t<\/div>\n\t\t\t\t<\/div>\n\t\t\t\t<\/div>\n\t\t\t\t<div class=\"elementor-element elementor-element-1fecb4a elementor-widget elementor-widget-text-editor\" data-id=\"1fecb4a\" data-element_type=\"widget\" data-widget_type=\"text-editor.default\">\n\t\t\t\t<div class=\"elementor-widget-container\">\n\t\t\t\t\t\t\t<p><strong>unter der Tel. Nr.: +49 173 180 3313<\/strong><\/p>\t\t\t\t\t\t<\/div>\n\t\t\t\t<\/div>\n\t\t\t\t\t<\/div>\n\t\t<\/div>\n\t\t\t\t\t<\/div>\n\t\t<\/section>\n\t\t\t\t<section class=\"elementor-section elementor-top-section elementor-element elementor-element-7c51795 elementor-section-full_width elementor-section-height-default elementor-section-height-default\" data-id=\"7c51795\" data-element_type=\"section\">\n\t\t\t\t\t\t<div class=\"elementor-container elementor-column-gap-default\">\n\t\t\t\t\t<div class=\"elementor-column elementor-col-50 elementor-top-column elementor-element elementor-element-065ede3\" data-id=\"065ede3\" data-element_type=\"column\">\n\t\t\t<div class=\"elementor-widget-wrap elementor-element-populated\">\n\t\t\t\t\t\t<div class=\"elementor-element elementor-element-ac263b4 elementor-widget elementor-widget-heading\" data-id=\"ac263b4\" data-element_type=\"widget\" data-widget_type=\"heading.default\">\n\t\t\t\t<div class=\"elementor-widget-container\">\n\t\t\t<h1 class=\"elementor-heading-title elementor-size-default\">Anreise<\/h1>\t\t<\/div>\n\t\t\t\t<\/div>\n\t\t\t\t<div class=\"elementor-element elementor-element-4f0a254 elementor-widget elementor-widget-text-editor\" data-id=\"4f0a254\" data-element_type=\"widget\" data-widget_type=\"text-editor.default\">\n\t\t\t\t<div class=\"elementor-widget-container\">\n\t\t\t\t\t\t\t<p>La Pastorella SRLS<br>Contrada Arieste 50<br>87020 Maier\u00e1 ( CS )<br>Italien<\/p>\t\t\t\t\t\t<\/div>\n\t\t\t\t<\/div>\n\t\t\t\t\t<\/div>\n\t\t<\/div>\n\t\t\t\t<div class=\"elementor-column elementor-col-50 elementor-top-column elementor-element elementor-element-f4b060c\" data-id=\"f4b060c\" data-element_type=\"column\">\n\t\t\t<div class=\"elementor-widget-wrap elementor-element-populated\">\n\t\t\t\t\t\t<div class=\"elementor-element elementor-element-96d3d16 elementor-widget__width-inherit elementor-widget elementor-widget-google_maps\" data-id=\"96d3d16\" data-element_type=\"widget\" data-widget_type=\"google_maps.default\">\n\t\t\t\t<div class=\"elementor-widget-container\">\n\t\t\t\t\t<div class=\"elementor-custom-embed\">\n\t\t\t<iframe loading=\"lazy\"\n\t\t\t\t\tsrc=\"https:\/\/maps.google.com\/maps?q=Contrada%20Arieste%2050%2087020%20Maier%C3%A1&#038;t=m&#038;z=13&#038;output=embed&#038;iwloc=near\"\n\t\t\t\t\ttitle=\"Contrada Arieste 50 87020 Maier\u00e1\"\n\t\t\t\t\taria-label=\"Contrada Arieste 50 87020 Maier\u00e1\"\n\t\t\t><\/iframe>\n\t\t<\/div>\n\t\t\t\t<\/div>\n\t\t\t\t<\/div>\n\t\t\t\t\t<\/div>\n\t\t<\/div>\n\t\t\t\t\t<\/div>\n\t\t<\/section>\n\t\t\t\t<section class=\"elementor-section elementor-top-section elementor-element elementor-element-9974a8b elementor-section-boxed elementor-section-height-default elementor-section-height-default\" data-id=\"9974a8b\" data-element_type=\"section\" data-settings=\"{&quot;background_background&quot;:&quot;classic&quot;}\">\n\t\t\t\t\t\t\t<div class=\"elementor-background-overlay\"><\/div>\n\t\t\t\t\t\t\t<div class=\"elementor-container elementor-column-gap-default\">\n\t\t\t\t\t<div class=\"elementor-column elementor-col-100 elementor-top-column elementor-element elementor-element-6915952\" data-id=\"6915952\" data-element_type=\"column\">\n\t\t\t<div class=\"elementor-widget-wrap elementor-element-populated\">\n\t\t\t\t\t\t<div class=\"elementor-element elementor-element-8b1b2af elementor-widget-mobile__width-inherit elementor-widget elementor-widget-heading\" data-id=\"8b1b2af\" data-element_type=\"widget\" data-widget_type=\"heading.default\">\n\t\t\t\t<div class=\"elementor-widget-container\">\n\t\t\t<h1 class=\"elementor-heading-title elementor-size-default\">Vel\u00e4ngerungsn\u00e4chte<\/h1>\t\t<\/div>\n\t\t\t\t<\/div>\n\t\t\t\t<div class=\"elementor-element elementor-element-b13ccaa elementor-widget elementor-widget-text-editor\" data-id=\"b13ccaa\" data-element_type=\"widget\" data-widget_type=\"text-editor.default\">\n\t\t\t\t<div class=\"elementor-widget-container\">\n\t\t\t\t\t\t\t<p class=\"p1\">Ihre Flugtage passen nicht zu unseren Reiseterminen?<\/p><p class=\"p1\">Oder Sie m\u00f6chten ein paar Tage l\u00e4nger im Hotel La Pastorella verbringen?<\/p><p class=\"p1\">Gerne reservieren wir f\u00fcr Sie Verl\u00e4ngerungstage vor und nach der Wanderwoche.<\/p><p class=\"p1\">Bitte sprechen Sie uns an!<\/p>\t\t\t\t\t\t<\/div>\n\t\t\t\t<\/div>\n\t\t\t\t\t<\/div>\n\t\t<\/div>\n\t\t\t\t\t<\/div>\n\t\t<\/section>\n\t\t\t\t<section class=\"elementor-section elementor-top-section elementor-element elementor-element-23e3222 elementor-section-boxed elementor-section-height-default elementor-section-height-default\" data-id=\"23e3222\" data-element_type=\"section\">\n\t\t\t\t\t\t<div class=\"elementor-container elementor-column-gap-default\">\n\t\t\t\t\t<div class=\"elementor-column elementor-col-50 elementor-top-column elementor-element elementor-element-c4962ed\" data-id=\"c4962ed\" data-element_type=\"column\">\n\t\t\t<div class=\"elementor-widget-wrap elementor-element-populated\">\n\t\t\t\t\t\t<div class=\"elementor-element elementor-element-4aa2098 elementor-widget elementor-widget-heading\" data-id=\"4aa2098\" data-element_type=\"widget\" data-widget_type=\"heading.default\">\n\t\t\t\t<div class=\"elementor-widget-container\">\n\t\t\t<h1 class=\"elementor-heading-title elementor-size-default\">Reise jetzt anfragen<\/h1>\t\t<\/div>\n\t\t\t\t<\/div>\n\t\t\t\t<div class=\"elementor-element elementor-element-3c33cc6 elementor-widget elementor-widget-text-editor\" data-id=\"3c33cc6\" data-element_type=\"widget\" data-widget_type=\"text-editor.default\">\n\t\t\t\t<div class=\"elementor-widget-container\">\n\t\t\t\t\t\t\t<p><strong>Schicken Sie uns eine Nachricht oder rufen Sie uns auch gerne an.<\/strong><\/p><p>E-Mail: <a href=\"mailto:info@la-pastorella-hotel.com\">info@la-pastorella-hotel.com<\/a><\/p><p>Numero di telefono: +39 376 1429 457<br \/>Mobil: +49 173 180 331\u00a0<\/p>\t\t\t\t\t\t<\/div>\n\t\t\t\t<\/div>\n\t\t\t\t\t<\/div>\n\t\t<\/div>\n\t\t\t\t<div class=\"elementor-column elementor-col-50 elementor-top-column elementor-element elementor-element-9926c19\" data-id=\"9926c19\" data-element_type=\"column\">\n\t\t\t<div class=\"elementor-widget-wrap elementor-element-populated\">\n\t\t\t\t\t\t<div class=\"elementor-element elementor-element-952f3ee elementor-widget__width-inherit eael-contact-form-7-button-align-left eael-contact-form-7-button-custom elementor-widget elementor-widget-eael-contact-form-7\" data-id=\"952f3ee\" data-element_type=\"widget\" data-widget_type=\"eael-contact-form-7.default\">\n\t\t\t\t<div class=\"elementor-widget-container\">\n\t\t\t<div class=\"eael-contact-form-7-wrapper\">\n                <div class=\"eael-contact-form eael-contact-form-7 eael-contact-form-952f3ee placeholder-show eael-contact-form-align-center\">\n<div class=\"wpcf7 no-js\" id=\"wpcf7-f9677-o1\" lang=\"de-DE\" dir=\"ltr\" data-wpcf7-id=\"9677\">\n<div class=\"screen-reader-response\"><p role=\"status\" aria-live=\"polite\" aria-atomic=\"true\"><\/p> <ul><\/ul><\/div>\n<form action=\"\/wp-json\/wp\/v2\/pages\/9584\" method=\"post\" class=\"wpcf7-form init\" aria-label=\"Contact form\" novalidate=\"novalidate\" data-status=\"init\" data-trp-original-action=\"\/it\/wp-json\/wp\/v2\/pages\/9584#wpcf7-f9677-o1\">\n<div style=\"display: none;\">\n<input type=\"hidden\" name=\"_wpcf7\" value=\"9677\" \/>\n<input type=\"hidden\" name=\"_wpcf7_version\" value=\"6.0\" \/>\n<input type=\"hidden\" name=\"_wpcf7_locale\" value=\"de_DE\" \/>\n<input type=\"hidden\" name=\"_wpcf7_unit_tag\" value=\"wpcf7-f9677-o1\" \/>\n<input type=\"hidden\" name=\"_wpcf7_container_post\" value=\"0\" \/>\n<input type=\"hidden\" name=\"_wpcf7_posted_data_hash\" value=\"\" \/>\n<\/div>\n<p><label> Il tuo nome<br \/>\n<span class=\"wpcf7-form-control-wrap\" data-name=\"your-name\"><input size=\"40\" maxlength=\"400\" class=\"wpcf7-form-control wpcf7-text wpcf7-validates-as-required\" aria-required=\"true\" aria-invalid=\"false\" value=\"\" type=\"text\" name=\"your-name\" \/><\/span> <\/label>\n<\/p>\n<p><label> Il tuo indirizzo di posta elettronica<br \/>\n<span class=\"wpcf7-form-control-wrap\" data-name=\"your-email\"><input size=\"40\" maxlength=\"400\" class=\"wpcf7-form-control wpcf7-email wpcf7-validates-as-required wpcf7-text wpcf7-validates-as-email\" aria-required=\"true\" aria-invalid=\"false\" value=\"\" type=\"email\" name=\"your-email\" \/><\/span> <\/label>\n<\/p>\n<p><label> Telefonnummer<br \/>\n<span class=\"wpcf7-form-control-wrap\" data-name=\"your-number\"><input size=\"40\" maxlength=\"400\" class=\"wpcf7-form-control wpcf7-text wpcf7-validates-as-required\" aria-required=\"true\" aria-invalid=\"false\" value=\"\" type=\"text\" name=\"your-number\" \/><\/span> <\/label>\n<\/p>\n<p><label> Il tuo messaggio<br \/>\n<span class=\"wpcf7-form-control-wrap\" data-name=\"your-message\"><textarea cols=\"40\" rows=\"10\" maxlength=\"2000\" class=\"wpcf7-form-control wpcf7-textarea\" aria-invalid=\"false\" name=\"your-message\"><\/textarea><\/span> <\/label>\n<\/p>\n<p><input class=\"wpcf7-form-control wpcf7-submit has-spinner\" type=\"submit\" value=\"Manda via\" \/>\n<\/p><p style=\"display: none !important;\" class=\"akismet-fields-container\" data-prefix=\"_wpcf7_ak_\"><label>&#916;<textarea name=\"_wpcf7_ak_hp_textarea\" cols=\"45\" rows=\"8\" maxlength=\"100\"><\/textarea><\/label><input type=\"hidden\" id=\"ak_js_1\" name=\"_wpcf7_ak_js\" value=\"75\"\/><script>document.getElementById( \"ak_js_1\" ).setAttribute( \"value\", ( new Date() ).getTime() );<\/script><\/p><div class=\"wpcf7-response-output\" aria-hidden=\"true\"><\/div>\n<input type=\"hidden\" name=\"trp-form-language\" value=\"it\"\/><\/form>\n<\/div>\n<\/div>\n            <\/div>\t\t<\/div>\n\t\t\t\t<\/div>\n\t\t\t\t\t<\/div>\n\t\t<\/div>\n\t\t\t\t\t<\/div>\n\t\t<\/section>\n\t\t\t\t<section class=\"elementor-section elementor-top-section elementor-element elementor-element-a7b1385 elementor-section-full_width elementor-section-height-default elementor-section-height-default\" data-id=\"a7b1385\" data-element_type=\"section\" data-settings=\"{&quot;background_background&quot;:&quot;classic&quot;}\">\n\t\t\t\t\t\t<div class=\"elementor-container elementor-column-gap-default\">\n\t\t\t\t\t<div class=\"elementor-column elementor-col-33 elementor-top-column elementor-element elementor-element-223363a\" data-id=\"223363a\" data-element_type=\"column\">\n\t\t\t<div class=\"elementor-widget-wrap elementor-element-populated\">\n\t\t\t\t\t\t<div class=\"elementor-element elementor-element-89992b3 elementor-widget elementor-widget-heading\" data-id=\"89992b3\" data-element_type=\"widget\" data-widget_type=\"heading.default\">\n\t\t\t\t<div class=\"elementor-widget-container\">\n\t\t\t<h6 class=\"elementor-heading-title elementor-size-default\">La Pastorella SRLS \uff65 Contrada Ariesta 50 \uff65 87020 Maier\u00e1 ( CS )<\/h6>\t\t<\/div>\n\t\t\t\t<\/div>\n\t\t\t\t\t<\/div>\n\t\t<\/div>\n\t\t\t\t<div class=\"elementor-column elementor-col-33 elementor-top-column elementor-element elementor-element-9993f07\" data-id=\"9993f07\" data-element_type=\"column\">\n\t\t\t<div class=\"elementor-widget-wrap elementor-element-populated\">\n\t\t\t\t\t\t<div class=\"elementor-element elementor-element-a179476 elementor-widget elementor-widget-heading\" data-id=\"a179476\" data-element_type=\"widget\" data-widget_type=\"heading.default\">\n\t\t\t\t<div class=\"elementor-widget-container\">\n\t\t\t<h6 class=\"elementor-heading-title elementor-size-default\"><a href=\"mailto:info@la-pastorella-hotel.com\">info@la-pastorella-hotel.com<\/a><\/h6>\t\t<\/div>\n\t\t\t\t<\/div>\n\t\t\t\t\t<\/div>\n\t\t<\/div>\n\t\t\t\t<div class=\"elementor-column elementor-col-33 elementor-top-column elementor-element elementor-element-28500e2\" data-id=\"28500e2\" data-element_type=\"column\">\n\t\t\t<div class=\"elementor-widget-wrap elementor-element-populated\">\n\t\t\t\t\t\t<div class=\"elementor-element elementor-element-91384a3 elementor-widget elementor-widget-heading\" data-id=\"91384a3\" data-element_type=\"widget\" data-widget_type=\"heading.default\">\n\t\t\t\t<div class=\"elementor-widget-container\">\n\t\t\t<h6 class=\"elementor-heading-title elementor-size-default\">Impronta \uff65 AGB \uff65 Protezione dei dati<\/h6>\t\t<\/div>\n\t\t\t\t<\/div>\n\t\t\t\t\t<\/div>\n\t\t<\/div>\n\t\t\t\t\t<\/div>\n\t\t<\/section>\n\t\t\t\t<\/div>","protected":false},"excerpt":{"rendered":"<p>Gourmet und Wandern Voriger N\u00e4chster Liebe Gourmet- und Wanderfreunde Unser Hotel La Pastorella liegt am Rande des Pollino-Nationalpark ( ital. Parco Nazionale del Pollino ), direkt am Tyrrhenischen Meer. Der Pollino-Nationalpark ist der gr\u00f6\u00dfte Nationalparks Italiens und bedeckt eine Fl\u00e4che von 192.565 Hektar. Gleichzeitig z\u00e4hlt er zu den gr\u00f6\u00dften Naturschutzgebieten Europas. Im Jahr 2015 erhielt [&hellip;]<\/p>","protected":false},"author":1,"featured_media":0,"parent":0,"menu_order":0,"comment_status":"closed","ping_status":"closed","template":"elementor_canvas","meta":{"footnotes":""},"class_list":["post-9584","page","type-page","status-publish","hentry"],"yoast_head":"<!-- This site is optimized with the Yoast SEO plugin v23.9 - https:\/\/yoast.com\/wordpress\/plugins\/seo\/ -->\n<title>Gourmet und Wandern - Hotel La Pastorella in Maier\u00e0 Italien<\/title>\n<meta name=\"robots\" content=\"index, follow, max-snippet:-1, max-image-preview:large, max-video-preview:-1\" \/>\n<link rel=\"canonical\" href=\"https:\/\/la-pastorella-hotel.com\/it\/gourmet-und-wandern\/\" \/>\n<meta property=\"og:locale\" content=\"it_IT\" \/>\n<meta property=\"og:type\" content=\"article\" \/>\n<meta property=\"og:title\" content=\"Gourmet und Wandern - Hotel La Pastorella in Maier\u00e0 Italien\" \/>\n<meta property=\"og:description\" content=\"Gourmet und Wandern Voriger N\u00e4chster Liebe Gourmet- und Wanderfreunde Unser Hotel La Pastorella liegt am Rande des Pollino-Nationalpark ( ital. Parco Nazionale del Pollino ), direkt am Tyrrhenischen Meer. Der Pollino-Nationalpark ist der gr\u00f6\u00dfte Nationalparks Italiens und bedeckt eine Fl\u00e4che von 192.565 Hektar. Gleichzeitig z\u00e4hlt er zu den gr\u00f6\u00dften Naturschutzgebieten Europas. Im Jahr 2015 erhielt [&hellip;]\" \/>\n<meta property=\"og:url\" content=\"https:\/\/la-pastorella-hotel.com\/it\/gourmet-und-wandern\/\" \/>\n<meta property=\"og:site_name\" content=\"Hotel La Pastorella in Maier\u00e0 Italien\" \/>\n<meta property=\"article:modified_time\" content=\"2023-01-13T10:33:05+00:00\" \/>\n<meta name=\"twitter:card\" content=\"summary_large_image\" \/>\n<meta name=\"twitter:label1\" content=\"Tempo di lettura stimato\" \/>\n\t<meta name=\"twitter:data1\" content=\"8 minuti\" \/>\n<script type=\"application\/ld+json\" class=\"yoast-schema-graph\">{\"@context\":\"https:\/\/schema.org\",\"@graph\":[{\"@type\":\"WebPage\",\"@id\":\"https:\/\/la-pastorella-hotel.com\/gourmet-und-wandern\/\",\"url\":\"https:\/\/la-pastorella-hotel.com\/gourmet-und-wandern\/\",\"name\":\"Gourmet und Wandern - Hotel La Pastorella in Maier\u00e0 Italien\",\"isPartOf\":{\"@id\":\"https:\/\/la-pastorella-hotel.com\/#website\"},\"datePublished\":\"2022-12-06T19:37:13+00:00\",\"dateModified\":\"2023-01-13T10:33:05+00:00\",\"breadcrumb\":{\"@id\":\"https:\/\/la-pastorella-hotel.com\/gourmet-und-wandern\/#breadcrumb\"},\"inLanguage\":\"it-IT\",\"potentialAction\":[{\"@type\":\"ReadAction\",\"target\":[\"https:\/\/la-pastorella-hotel.com\/gourmet-und-wandern\/\"]}]},{\"@type\":\"BreadcrumbList\",\"@id\":\"https:\/\/la-pastorella-hotel.com\/gourmet-und-wandern\/#breadcrumb\",\"itemListElement\":[{\"@type\":\"ListItem\",\"position\":1,\"name\":\"Startseite\",\"item\":\"https:\/\/la-pastorella-hotel.com\/\"},{\"@type\":\"ListItem\",\"position\":2,\"name\":\"Gourmet und Wandern\"}]},{\"@type\":\"WebSite\",\"@id\":\"https:\/\/la-pastorella-hotel.com\/#website\",\"url\":\"https:\/\/la-pastorella-hotel.com\/\",\"name\":\"Hotel La Pastorella in Maier\u00e0 Italien\",\"description\":\"Unser liebevoll renoviertes Boutique-Hotel liegt in den Bergen, sehr nahe dem Meer, im wundersch\u00f6nen Maier\u00e0.\",\"publisher\":{\"@id\":\"https:\/\/la-pastorella-hotel.com\/#organization\"},\"potentialAction\":[{\"@type\":\"SearchAction\",\"target\":{\"@type\":\"EntryPoint\",\"urlTemplate\":\"https:\/\/la-pastorella-hotel.com\/?s={search_term_string}\"},\"query-input\":{\"@type\":\"PropertyValueSpecification\",\"valueRequired\":true,\"valueName\":\"search_term_string\"}}],\"inLanguage\":\"it-IT\"},{\"@type\":\"Organization\",\"@id\":\"https:\/\/la-pastorella-hotel.com\/#organization\",\"name\":\"La Pastorella SRLS\",\"url\":\"https:\/\/la-pastorella-hotel.com\/\",\"logo\":{\"@type\":\"ImageObject\",\"inLanguage\":\"it-IT\",\"@id\":\"https:\/\/la-pastorella-hotel.com\/#\/schema\/logo\/image\/\",\"url\":\"http:\/\/la-pastorella-hotel.com\/wp-content\/uploads\/2022\/06\/Lapastorella_Logo.png\",\"contentUrl\":\"http:\/\/la-pastorella-hotel.com\/wp-content\/uploads\/2022\/06\/Lapastorella_Logo.png\",\"width\":200,\"height\":161,\"caption\":\"La Pastorella SRLS\"},\"image\":{\"@id\":\"https:\/\/la-pastorella-hotel.com\/#\/schema\/logo\/image\/\"},\"sameAs\":[\"https:\/\/www.instagram.com\/la_pastorella_hotel\/\"]}]}<\/script>\n<!-- \/ Yoast SEO plugin. -->","yoast_head_json":{"title":"Gourmet und Wandern - Hotel La Pastorella in Maier\u00e0 Italien","robots":{"index":"index","follow":"follow","max-snippet":"max-snippet:-1","max-image-preview":"max-image-preview:large","max-video-preview":"max-video-preview:-1"},"canonical":"https:\/\/la-pastorella-hotel.com\/it\/gourmet-und-wandern\/","og_locale":"it_IT","og_type":"article","og_title":"Gourmet und Wandern - Hotel La Pastorella in Maier\u00e0 Italien","og_description":"Gourmet und Wandern Voriger N\u00e4chster Liebe Gourmet- und Wanderfreunde Unser Hotel La Pastorella liegt am Rande des Pollino-Nationalpark ( ital. Parco Nazionale del Pollino ), direkt am Tyrrhenischen Meer. Der Pollino-Nationalpark ist der gr\u00f6\u00dfte Nationalparks Italiens und bedeckt eine Fl\u00e4che von 192.565 Hektar. Gleichzeitig z\u00e4hlt er zu den gr\u00f6\u00dften Naturschutzgebieten Europas. Im Jahr 2015 erhielt [&hellip;]","og_url":"https:\/\/la-pastorella-hotel.com\/it\/gourmet-und-wandern\/","og_site_name":"Hotel La Pastorella in Maier\u00e0 Italien","article_modified_time":"2023-01-13T10:33:05+00:00","twitter_card":"summary_large_image","twitter_misc":{"Tempo di lettura stimato":"8 minuti"},"schema":{"@context":"https:\/\/schema.org","@graph":[{"@type":"WebPage","@id":"https:\/\/la-pastorella-hotel.com\/gourmet-und-wandern\/","url":"https:\/\/la-pastorella-hotel.com\/gourmet-und-wandern\/","name":"Gourmet und Wandern - Hotel La Pastorella in Maier\u00e0 Italien","isPartOf":{"@id":"https:\/\/la-pastorella-hotel.com\/#website"},"datePublished":"2022-12-06T19:37:13+00:00","dateModified":"2023-01-13T10:33:05+00:00","breadcrumb":{"@id":"https:\/\/la-pastorella-hotel.com\/gourmet-und-wandern\/#breadcrumb"},"inLanguage":"it-IT","potentialAction":[{"@type":"ReadAction","target":["https:\/\/la-pastorella-hotel.com\/gourmet-und-wandern\/"]}]},{"@type":"BreadcrumbList","@id":"https:\/\/la-pastorella-hotel.com\/gourmet-und-wandern\/#breadcrumb","itemListElement":[{"@type":"ListItem","position":1,"name":"Startseite","item":"https:\/\/la-pastorella-hotel.com\/"},{"@type":"ListItem","position":2,"name":"Gourmet und Wandern"}]},{"@type":"WebSite","@id":"https:\/\/la-pastorella-hotel.com\/#website","url":"https:\/\/la-pastorella-hotel.com\/","name":"Hotel La Pastorella in Maier\u00e0 Italien","description":"Unser liebevoll renoviertes Boutique-Hotel liegt in den Bergen, sehr nahe dem Meer, im wundersch\u00f6nen Maier\u00e0.","publisher":{"@id":"https:\/\/la-pastorella-hotel.com\/#organization"},"potentialAction":[{"@type":"SearchAction","target":{"@type":"EntryPoint","urlTemplate":"https:\/\/la-pastorella-hotel.com\/?s={search_term_string}"},"query-input":{"@type":"PropertyValueSpecification","valueRequired":true,"valueName":"search_term_string"}}],"inLanguage":"it-IT"},{"@type":"Organization","@id":"https:\/\/la-pastorella-hotel.com\/#organization","name":"La Pastorella SRLS","url":"https:\/\/la-pastorella-hotel.com\/","logo":{"@type":"ImageObject","inLanguage":"it-IT","@id":"https:\/\/la-pastorella-hotel.com\/#\/schema\/logo\/image\/","url":"http:\/\/la-pastorella-hotel.com\/wp-content\/uploads\/2022\/06\/Lapastorella_Logo.png","contentUrl":"http:\/\/la-pastorella-hotel.com\/wp-content\/uploads\/2022\/06\/Lapastorella_Logo.png","width":200,"height":161,"caption":"La Pastorella SRLS"},"image":{"@id":"https:\/\/la-pastorella-hotel.com\/#\/schema\/logo\/image\/"},"sameAs":["https:\/\/www.instagram.com\/la_pastorella_hotel\/"]}]}},"_links":{"self":[{"href":"https:\/\/la-pastorella-hotel.com\/it\/wp-json\/wp\/v2\/pages\/9584","targetHints":{"allow":["GET"]}}],"collection":[{"href":"https:\/\/la-pastorella-hotel.com\/it\/wp-json\/wp\/v2\/pages"}],"about":[{"href":"https:\/\/la-pastorella-hotel.com\/it\/wp-json\/wp\/v2\/types\/page"}],"author":[{"embeddable":true,"href":"https:\/\/la-pastorella-hotel.com\/it\/wp-json\/wp\/v2\/users\/1"}],"replies":[{"embeddable":true,"href":"https:\/\/la-pastorella-hotel.com\/it\/wp-json\/wp\/v2\/comments?post=9584"}],"version-history":[{"count":0,"href":"https:\/\/la-pastorella-hotel.com\/it\/wp-json\/wp\/v2\/pages\/9584\/revisions"}],"wp:attachment":[{"href":"https:\/\/la-pastorella-hotel.com\/it\/wp-json\/wp\/v2\/media?parent=9584"}],"curies":[{"name":"wp","href":"https:\/\/api.w.org\/{rel}","templated":true}]}}